{"id":7422,"date":"2024-03-04T20:19:03","date_gmt":"2024-03-04T23:19:03","guid":{"rendered":"https:\/\/unionactiva.com\/?page_id=7422"},"modified":"2024-07-12T22:27:04","modified_gmt":"2024-07-13T01:27:04","slug":"trekking-cascada-de-los-condores-2","status":"publish","type":"page","link":"https:\/\/unionactiva.com\/index.php\/trekking-cascada-de-los-condores-2\/","title":{"rendered":"Trekking  Cascada de Los Condores"},"content":{"rendered":"<p>[et_pb_section fb_built=\u00bb1&#8243; fullwidth=\u00bbon\u00bb admin_label=\u00bbHero Section\u00bb _builder_version=\u00bb4.14.5&#8243; background_color=\u00bb#FFFFFF\u00bb parallax=\u00bbon\u00bb custom_padding=\u00bb0px|0px|0px|0px\u00bb bottom_divider_style=\u00bbslant\u00bb bottom_divider_color=\u00bb#FFFFFF\u00bb bottom_divider_flip=\u00bbvertical\u00bb bottom_divider_style_tablet=\u00bbslant\u00bb bottom_divider_style_phone=\u00bbslant\u00bb bottom_divider_style_last_edited=\u00bbon|phone\u00bb bottom_divider_height_tablet=\u00bb\u00bb bottom_divider_height_phone=\u00bb50px\u00bb bottom_divider_height_last_edited=\u00bbon|phone\u00bb hover_enabled=\u00bb0&#8243; global_colors_info=\u00bb{}\u00bb sticky_enabled=\u00bb0&#8243;][et_pb_fullwidth_header title=\u00bbexplora y conecta\u00bb subhead=\u00bbCaminata en la naturaleza para Mayores de 50&#8243; header_fullscreen=\u00bbon\u00bb button_one_text=\u00bbINSCRIBIRME\u00bb button_one_url=\u00bbhttps:\/\/form.jotform.com\/233257542659666&#8243; background_overlay_color=\u00bbrgba(29,38,51,0.72)\u00bb content_max_width=\u00bb700px\u00bb admin_label=\u00bbHero\u00bb _builder_version=\u00bb4.14.5&#8243; title_font=\u00bbOswald|on||on|\u00bb title_font_size=\u00bb77px\u00bb title_line_height=\u00bb1.3em\u00bb content_font=\u00bbRoboto|700|||||||\u00bb content_text_color=\u00bb#FFCB02&#8243; content_font_size=\u00bb22px\u00bb content_line_height=\u00bb4em\u00bb subhead_font=\u00bb|700|||||||\u00bb subhead_font_size=\u00bb27px\u00bb subhead_line_height=\u00bb1.4em\u00bb background_color=\u00bbrgba(255, 255, 255, 0)\u00bb background_image=\u00bbhttps:\/\/unionactiva.com\/wp-content\/uploads\/2024\/07\/caminata-50.jpg\u00bb custom_button_one=\u00bbon\u00bb button_one_text_color=\u00bb#FFCB02&#8243; button_one_border_radius=\u00bb0px\u00bb button_one_letter_spacing=\u00bb4px\u00bb button_one_font=\u00bbOswald|on||on|\u00bb button_one_icon=\u00bb&#x24;||divi||400&#8243; button_one_icon_color=\u00bb#ffffff\u00bb button_one_custom_margin=\u00bb18px||31px||false|false\u00bb custom_padding=\u00bb||0px||false|false\u00bb animation_style=\u00bbzoom\u00bb animation_direction=\u00bbbottom\u00bb animation_intensity_zoom=\u00bb4%\u00bb hover_enabled=\u00bb0&#8243; title_font_size_tablet=\u00bb80px\u00bb title_font_size_phone=\u00bb57px\u00bb title_font_size_last_edited=\u00bbon|phone\u00bb content_font_size_tablet=\u00bb22px\u00bb content_font_size_phone=\u00bb21px\u00bb content_font_size_last_edited=\u00bbon|phone\u00bb subhead_font_tablet=\u00bb|700|||||||\u00bb subhead_font_phone=\u00bb|700|||||||\u00bb subhead_font_last_edited=\u00bbon|phone\u00bb button_one_text_color_hover=\u00bb#ffffff\u00bb button_one_border_color_hover=\u00bb#ffffff\u00bb button_one_border_radius_hover=\u00bb0px\u00bb button_one_letter_spacing_hover=\u00bb4px\u00bb button_one_bg_color_hover=\u00bbrgba(0,0,0,0)\u00bb global_colors_info=\u00bb{}\u00bb button_one_text_size__hover_enabled=\u00bboff\u00bb button_two_text_size__hover_enabled=\u00bboff\u00bb button_one_text_color__hover_enabled=\u00bbon\u00bb button_one_text_color__hover=\u00bb#ffffff\u00bb button_two_text_color__hover_enabled=\u00bboff\u00bb button_one_border_width__hover_enabled=\u00bboff\u00bb button_two_border_width__hover_enabled=\u00bboff\u00bb button_one_border_color__hover_enabled=\u00bbon\u00bb button_one_border_color__hover=\u00bb#ffffff\u00bb button_two_border_color__hover_enabled=\u00bboff\u00bb button_one_border_radius__hover_enabled=\u00bbon\u00bb button_one_border_radius__hover=\u00bb0px\u00bb button_two_border_radius__hover_enabled=\u00bboff\u00bb button_one_letter_spacing__hover_enabled=\u00bbon\u00bb button_one_letter_spacing__hover=\u00bb4px\u00bb button_two_letter_spacing__hover_enabled=\u00bboff\u00bb button_one_bg_color__hover_enabled=\u00bbon\u00bb button_one_bg_color__hover=\u00bbrgba(0,0,0,0)\u00bb button_two_bg_color__hover_enabled=\u00bboff\u00bb sticky_enabled=\u00bb0&#8243; title_text=\u00bbcaminata + 50 cordoba\u00bb]<\/p>\n<p>10 de Agosto I Actividad Gratuita<\/p>\n<p>[\/et_pb_fullwidth_header][\/et_pb_section][et_pb_section fb_built=\u00bb1&#8243; _builder_version=\u00bb3.22&#8243; custom_padding=\u00bb110px||110px|\u00bb global_colors_info=\u00bb{}\u00bb][et_pb_row column_structure=\u00bb1_2,1_2&#8243; _builder_version=\u00bb4.13.0&#8243; custom_margin=\u00bb|auto||130px|false|false\u00bb custom_margin_tablet=\u00bb|auto||130px|false|false\u00bb custom_margin_phone=\u00bb|||40px|false|false\u00bb custom_margin_last_edited=\u00bbon|phone\u00bb global_colors_info=\u00bb{}\u00bb][et_pb_column type=\u00bb1_2&#8243; _builder_version=\u00bb3.25&#8243; custom_padding=\u00bb|||\u00bb global_colors_info=\u00bb{}\u00bb custom_padding__hover=\u00bb|||\u00bb][et_pb_text admin_label=\u00bbDiscover Beatuty Sub Title\u00bb _builder_version=\u00bb4.13.0&#8243; text_font=\u00bbRoboto||||\u00bb text_text_color=\u00bb#474747&#8243; text_font_size=\u00bb24px\u00bb text_line_height=\u00bb1.4em\u00bb animation_style=\u00bbslide\u00bb animation_direction=\u00bbtop\u00bb animation_intensity_slide=\u00bb10%\u00bb global_colors_info=\u00bb{}\u00bb]<\/p>\n<p>Una experiencia dise\u00f1ada para personas mayores de 50 a\u00f1os que desean conectar con la naturaleza y redescubrir el valor de las relaciones humanas.<\/p>\n<p>[\/et_pb_text][et_pb_divider color=\u00bb#FF801A\u00bb divider_position=\u00bbcenter\u00bb divider_weight=\u00bb3px\u00bb disabled_on=\u00bboff|off|off\u00bb _builder_version=\u00bb4.13.0&#8243; max_width=\u00bb150px\u00bb height=\u00bbfalse\u00bb animation_style=\u00bbslide\u00bb animation_direction=\u00bbtop\u00bb animation_delay=\u00bb100ms\u00bb animation_intensity_slide=\u00bb10%\u00bb global_colors_info=\u00bb{}\u00bb][\/et_pb_divider][et_pb_text admin_label=\u00bbDiscover Beatuty Text\u00bb _builder_version=\u00bb4.13.0&#8243; text_font=\u00bbRoboto|500|||||||\u00bb text_text_color=\u00bb#474747&#8243; text_font_size=\u00bb20px\u00bb text_line_height=\u00bb1.9em\u00bb text_orientation=\u00bbjustified\u00bb custom_padding=\u00bb30px|||\u00bb animation_style=\u00bbslide\u00bb animation_direction=\u00bbtop\u00bb animation_delay=\u00bb200ms\u00bb animation_intensity_slide=\u00bb10%\u00bb global_colors_info=\u00bb{}\u00bb]<\/p>\n<p>Te invitamos a una caminata gratuita en un entorno natural espectacular de la provincia de C\u00f3rdoba. Aprovecha esta oportunidad para mejorar tu bienestar, disfrutar de la naturaleza y conocer a nuevas personas. Esta actividad es perfecta para quienes buscan integrarse en una comunidad din\u00e1mica y solidaria.<\/p>\n<p>[\/et_pb_text][et_pb_image src=\u00bbhttps:\/\/unionactiva.com\/wp-content\/uploads\/2023\/11\/Ana-cascada-del-condor2.jpg\u00bb title_text=\u00bbAna cascada del condor2&#8243; force_fullwidth=\u00bbon\u00bb align_tablet=\u00bbcenter\u00bb align_phone=\u00bbcenter\u00bb align_last_edited=\u00bbon|desktop\u00bb _builder_version=\u00bb4.13.0&#8243; custom_margin=\u00bb90px|||\u00bb animation_style=\u00bbfold\u00bb animation_direction=\u00bbleft\u00bb animation_intensity_fold=\u00bb20%\u00bb animation=\u00bbfade_in\u00bb global_colors_info=\u00bb{}\u00bb][\/et_pb_image][\/et_pb_column][et_pb_column type=\u00bb1_2&#8243; _builder_version=\u00bb3.25&#8243; custom_padding=\u00bb|||\u00bb global_colors_info=\u00bb{}\u00bb custom_padding__hover=\u00bb|||\u00bb][et_pb_text admin_label=\u00bbDiscover Beatuty Title\u00bb _builder_version=\u00bb4.13.0&#8243; text_font=\u00bb||||\u00bb text_text_color=\u00bb#1a1a1a\u00bb header_font=\u00bbOswald|on||on|\u00bb header_text_align=\u00bbright\u00bb header_font_size=\u00bb60px\u00bb header_line_height=\u00bb1.3em\u00bb animation_style=\u00bbslide\u00bb animation_direction=\u00bbtop\u00bb animation_intensity_slide=\u00bb10%\u00bb header_font_tablet=\u00bbOswald|on||on|\u00bb header_font_phone=\u00bbOswald|on||on|\u00bb header_font_last_edited=\u00bbon|desktop\u00bb header_font_size_tablet=\u00bb60px\u00bb header_font_size_phone=\u00bb40px\u00bb header_font_size_last_edited=\u00bbon|phone\u00bb global_colors_info=\u00bb{}\u00bb]<\/p>\n<h1>reserva vaquer\u00edas<\/h1>\n<p>[\/et_pb_text][et_pb_image src=\u00bbhttps:\/\/unionactiva.com\/wp-content\/uploads\/2023\/10\/cascada-final-final3.webp\u00bb title_text=\u00bbcascada-final-final3&#8243; align=\u00bbcenter\u00bb align_tablet=\u00bbcenter\u00bb align_phone=\u00bbcenter\u00bb align_last_edited=\u00bbon|desktop\u00bb _builder_version=\u00bb4.13.0&#8243; module_alignment=\u00bbright\u00bb custom_margin=\u00bb56px|||||\u00bb animation_style=\u00bbfold\u00bb animation_direction=\u00bbright\u00bb animation_intensity_fold=\u00bb20%\u00bb animation=\u00bbfade_in\u00bb global_colors_info=\u00bb{}\u00bb][\/et_pb_image][\/et_pb_column][\/et_pb_row][\/et_pb_section][et_pb_section fb_built=\u00bb1&#8243; prev_background_color=\u00bb#ffffff\u00bb _builder_version=\u00bb4.13.0&#8243; background_color=\u00bb#f4f4f4&#8243; custom_padding=\u00bb168px||110px|||\u00bb top_divider_style=\u00bbslant\u00bb top_divider_flip=\u00bbvertical\u00bb global_colors_info=\u00bb{}\u00bb][et_pb_row column_structure=\u00bb1_2,1_2&#8243; _builder_version=\u00bb4.13.0&#8243; global_colors_info=\u00bb{}\u00bb][et_pb_column type=\u00bb1_2&#8243; _builder_version=\u00bb4.13.0&#8243; custom_padding=\u00bb|||\u00bb global_colors_info=\u00bb{}\u00bb custom_padding__hover=\u00bb|||\u00bb][et_pb_text admin_label=\u00bbTop Destination Title\u00bb _builder_version=\u00bb4.13.0&#8243; text_font=\u00bb||||\u00bb text_text_color=\u00bb#1a1a1a\u00bb header_font=\u00bbActor|700||on|||||\u00bb header_text_align=\u00bbleft\u00bb header_font_size=\u00bb60px\u00bb header_line_height=\u00bb1.3em\u00bb custom_margin=\u00bb-13px|||||\u00bb custom_padding=\u00bb|||\u00bb animation_style=\u00bbslide\u00bb animation_direction=\u00bbtop\u00bb animation_intensity_slide=\u00bb10%\u00bb header_font_size_tablet=\u00bb60px\u00bb header_font_size_phone=\u00bb45px\u00bb header_font_size_last_edited=\u00bbon|phone\u00bb locked=\u00bboff\u00bb global_colors_info=\u00bb{}\u00bb]<\/p>\n<h1>preguntas frecuentes<\/h1>\n<p>[\/et_pb_text][et_pb_divider color=\u00bb#FF801A\u00bb divider_position=\u00bbcenter\u00bb divider_weight=\u00bb3px\u00bb disabled_on=\u00bboff|off|off\u00bb _builder_version=\u00bb4.13.0&#8243; max_width=\u00bb150px\u00bb height=\u00bbfalse\u00bb animation_style=\u00bbslide\u00bb animation_direction=\u00bbtop\u00bb animation_delay=\u00bb100ms\u00bb animation_intensity_slide=\u00bb10%\u00bb locked=\u00bboff\u00bb global_colors_info=\u00bb{}\u00bb][\/et_pb_divider][et_pb_text admin_label=\u00bbDiscover Beatuty Sub Title\u00bb _builder_version=\u00bb4.13.0&#8243; text_font=\u00bbRoboto|300|||||||\u00bb text_text_color=\u00bb#000000&#8243; text_font_size=\u00bb21px\u00bb text_line_height=\u00bb1.4em\u00bb animation_style=\u00bbslide\u00bb animation_direction=\u00bbtop\u00bb animation_intensity_slide=\u00bb10%\u00bb global_colors_info=\u00bb{}\u00bb]<\/p>\n<p><span>La experiencia est\u00e1 destinada a personas mayores de 40 a\u00f1os sin experiencia previa que desean vivir una jornada de pura conexi\u00f3n con la naturaleza, experimentar la magia del disfrute compartido, y hacer nuevos amigos. La actividad principal de la experiencia consistir\u00e1 en una caminata a trav\u00e9s de un sendero cubierto de una exuberante vegetaci\u00f3n. Su recorrido nos guiar\u00e1 hasta la cascada El C\u00f3ndor. Una ca\u00edda de agua de 12 metros de altura enclavada en medio de una densa vegetaci\u00f3n aut\u00f3ctona que nos regalar\u00e1 un espect\u00e1culo de impresionante belleza natural.\u00a0<br \/><\/span><\/p>\n<p>[\/et_pb_text][\/et_pb_column][et_pb_column type=\u00bb1_2&#8243; _builder_version=\u00bb4.13.0&#8243; custom_padding=\u00bb150px||||false|false\u00bb custom_padding_tablet=\u00bb150px||||false|false\u00bb custom_padding_phone=\u00bb0px||||false|false\u00bb custom_padding_last_edited=\u00bbon|phone\u00bb global_colors_info=\u00bb{}\u00bb custom_padding__hover=\u00bb|||\u00bb][et_pb_toggle title=\u00bb1. \u00bf Cu\u00e1l es el programa de la jornada ?\u00bb open_toggle_text_color=\u00bb#000000&#8243; open_toggle_background_color=\u00bb#ff9844&#8243; closed_toggle_background_color=\u00bb#ff9844&#8243; icon_color=\u00bb#345168&#8243; open_icon_color=\u00bb#345168&#8243; _builder_version=\u00bb4.13.0&#8243; title_text_color=\u00bb#000000&#8243; title_font=\u00bbLato|700|||||||\u00bb title_font_size=\u00bb18px\u00bb title_line_height=\u00bb1.6em\u00bb body_font=\u00bb||||||||\u00bb body_text_color=\u00bb#000000&#8243; body_font_size=\u00bb16px\u00bb body_line_height=\u00bb2em\u00bb custom_margin=\u00bb||0px|\u00bb custom_padding=\u00bb||21px|||\u00bb animation_style=\u00bbslide\u00bb animation_direction=\u00bbtop\u00bb animation_intensity_slide=\u00bb10%\u00bb border_radii=\u00bboff|10px|10px||\u00bb border_width_all=\u00bb0px\u00bb global_colors_info=\u00bb{}\u00bb]<\/p>\n<p><strong>09,30 hs. :<\/strong> Primera concentraci\u00f3n. Ciudad de C\u00f3rdoba.<br \/><strong>10,30 hs.:<\/strong> Segunda concentraci\u00f3n en Dique La Quebrada. R\u00edo Ceballos.<br \/><strong>11,00 hs. :<\/strong> <strong>Inicio de la actividad. Din\u00e1micas inmersivas\u00ae<\/strong><br \/><strong>11,30 hs. :<\/strong> Comienzo de la caminata.<br \/><strong>13,00 hs. :<\/strong> Llegada a la cascada\/almuerzo. <strong>Din\u00e1micas inmersivas\u00ae.<\/strong><br \/><strong>15,30 hs. : <\/strong>Regreso \/ Inicio de caminata.<br \/><strong>17,00 hs. :<\/strong> <strong>Cierre de la actividad.<\/strong><\/p>\n<p>El horario de regreso es aproximado ya que estar\u00e1 sujeto a diferentes variables de la experiencia.<\/p>\n<p>[\/et_pb_toggle][et_pb_toggle title=\u00bb1. \u00bf Qu\u00e9 es una experiencia inmersiva\u00ae ?\u00bb open_toggle_text_color=\u00bb#000000&#8243; open_toggle_background_color=\u00bb#ff9844&#8243; closed_toggle_background_color=\u00bb#ff9f51&#8243; icon_color=\u00bb#345168&#8243; open_icon_color=\u00bb#345168&#8243; _builder_version=\u00bb4.13.0&#8243; title_text_color=\u00bb#000000&#8243; title_font=\u00bbLato|700|||||||\u00bb title_font_size=\u00bb18px\u00bb title_line_height=\u00bb1.6em\u00bb body_font=\u00bb||||||||\u00bb body_text_color=\u00bb#000000&#8243; body_font_size=\u00bb16px\u00bb body_line_height=\u00bb2em\u00bb custom_margin=\u00bb||0px|\u00bb custom_padding=\u00bb||21px|||\u00bb animation_style=\u00bbslide\u00bb animation_direction=\u00bbtop\u00bb animation_intensity_slide=\u00bb10%\u00bb border_radii=\u00bboff||||\u00bb border_width_all=\u00bb0px\u00bb global_colors_info=\u00bb{}\u00bb]<\/p>\n<p>Una jornada compuesta por actividades que convierten a la propuesta en una experiencia que va mucho m\u00e1s all\u00e1 de simplemente caminar en la naturaleza.<br \/>Vivencias que tienen el objetivo de <span>dar vida a los sentidos para lograr una conexi\u00f3n \u00edntima y genuina con el entorno. <\/span><span>A trav\u00e9s de una experiencia inmersiva\u00ae logramos que la alegr\u00eda y el disfrute compartido sean los protagonistas de la experiencia.<\/span><\/p>\n<p>[\/et_pb_toggle][et_pb_toggle title=\u00bb 2. \u00bfCu\u00e1les son los elementos personales necesarios para vivir la experiencia?\u00bb open_toggle_text_color=\u00bb#000000&#8243; open_toggle_background_color=\u00bbrgba(255,128,26,0.67)\u00bb closed_toggle_background_color=\u00bbrgba(255,128,26,0.67)\u00bb icon_color=\u00bb#345168&#8243; open_icon_color=\u00bb#345168&#8243; _builder_version=\u00bb4.13.0&#8243; title_text_color=\u00bb#000000&#8243; title_font=\u00bbLato|700|||||||\u00bb title_font_size=\u00bb18px\u00bb title_line_height=\u00bb1.5em\u00bb body_font=\u00bb||||||||\u00bb body_text_color=\u00bb#000000&#8243; body_font_size=\u00bb16px\u00bb body_line_height=\u00bb2em\u00bb custom_margin=\u00bb0px||0px|||\u00bb custom_padding=\u00bb||26px|||\u00bb animation_style=\u00bbslide\u00bb animation_direction=\u00bbtop\u00bb animation_intensity_slide=\u00bb10%\u00bb border_width_all=\u00bb0px\u00bb global_colors_info=\u00bb{}\u00bb]<\/p>\n<ul>\n<li><span style=\"font-size: 16px;\">Vianda individual de alimento para almuerzo.<\/span><\/li>\n<li>Bast\u00f3n de trekking ( alternativo: palo de escoba por ejemplo).<\/li>\n<li>Elementos de higiene personal. Papel higi\u00e9nico.<\/li>\n<li>Bolsa para residuos ( todo lo que llevamos vuelve ).<\/li>\n<li>Medicaci\u00f3n personal, en caso de estar prescrita.<\/li>\n<li>Capas de abrigo .Buzo y rompe viento.<\/li>\n<li><strong>Agua en botella\/s. ( 2 litros por persona como m\u00ednimo ).<\/strong><\/li>\n<li><strong>Ropa c\u00f3moda. Zapatillas adecuadas para caminar en terreno pedregoso. En lo posible con suela antideslizante. Si son nuevas, probarlas antes.<\/strong><\/li>\n<li><strong>Mochila adecuada que permita mantener las manos libres. (No bolsa de mano).<br \/><\/strong><\/li>\n<li><strong>Repelente de insectos.<\/strong><\/li>\n<\/ul>\n<p>[\/et_pb_toggle][et_pb_toggle title=\u00bb 2. \u00bf Qu\u00e9 nivel de dificultad tiene la actividad ?\u00bb open_toggle_text_color=\u00bb#000000&#8243; open_toggle_background_color=\u00bbrgba(255,144,53,0.67)\u00bb closed_toggle_background_color=\u00bbrgba(255,144,53,0.67)\u00bb icon_color=\u00bb#345168&#8243; open_icon_color=\u00bb#345168&#8243; _builder_version=\u00bb4.13.0&#8243; title_text_color=\u00bb#000000&#8243; title_font=\u00bbLato|700|||||||\u00bb title_font_size=\u00bb18px\u00bb title_line_height=\u00bb1.5em\u00bb body_font=\u00bb||||||||\u00bb body_text_color=\u00bb#000000&#8243; body_font_size=\u00bb16px\u00bb body_line_height=\u00bb2em\u00bb custom_margin=\u00bb||0px|\u00bb custom_padding=\u00bb||26px|||\u00bb animation_style=\u00bbslide\u00bb animation_direction=\u00bbtop\u00bb animation_intensity_slide=\u00bb10%\u00bb border_width_all=\u00bb0px\u00bb global_colors_info=\u00bb{}\u00bb]<\/p>\n<p><strong>Nivel de dificultad t\u00e9cnica:\u00a0<\/strong> M\u00ednima \/ Moderada , teniendo en cuenta que cruzaremos en reiteradas veces un arroyo. Esto implica tener un equilibro natural que permita caminar sobre las piedras que se encuentran en el mismo.<\/p>\n<p><strong>Exigencia f\u00edsica:\u00a0<\/strong> La exigencia f\u00edsica requerida es m\u00ednima ya que en total se camina aproximadamente durante 7 Km. con un m\u00ednimo desnivel. La experiencia est\u00e1 pensada para personas con una condici\u00f3n f\u00edsica y estado de salud dentro de los par\u00e1metros normales. En caso de dudas sobre las propias posibilidades cont\u00e1ctanos para que podamos evacuarlas.<\/p>\n<p>[\/et_pb_toggle][et_pb_toggle title=\u00bb3. \u00bfC\u00f3mo es la modalidad de transporte?\u00bb open_toggle_text_color=\u00bb#000000&#8243; open_toggle_background_color=\u00bbrgba(255,165,91,0.67)\u00bb closed_toggle_background_color=\u00bbrgba(255,165,91,0.67)\u00bb icon_color=\u00bb#345168&#8243; open_icon_color=\u00bb#345168&#8243; _builder_version=\u00bb4.13.0&#8243; title_text_color=\u00bb#000000&#8243; title_font=\u00bbLato|700|||||||\u00bb title_font_size=\u00bb18px\u00bb title_line_height=\u00bb1.5em\u00bb body_font=\u00bb||||||||\u00bb body_text_color=\u00bb#000000&#8243; body_font_size=\u00bb16px\u00bb body_line_height=\u00bb2em\u00bb custom_margin=\u00bb||0px|\u00bb custom_padding=\u00bb||27px|||\u00bb animation_style=\u00bbslide\u00bb animation_direction=\u00bbtop\u00bb animation_intensity_slide=\u00bb10%\u00bb border_width_all=\u00bb0px\u00bb global_colors_info=\u00bb{}\u00bb]<\/p>\n<ul>\n<li>Los paticipantes pueden trasladarse por sus propios medios en sus veh\u00edculos particulares.<\/li>\n<li><strong>Si NO cuentas con veh\u00edculo propio por favor contactanos.<\/strong> Se encuentra disponible una alternativa de transporte.<\/li>\n<\/ul>\n<p>[\/et_pb_toggle][\/et_pb_column][\/et_pb_row][et_pb_row column_structure=\u00bb1_4,1_4,1_4,1_4&#8243; use_custom_gutter=\u00bbon\u00bb gutter_width=\u00bb1&#8243; make_equal=\u00bbon\u00bb admin_label=\u00bbGallery\u00bb module_class=\u00bb et_pb_row_fullwidth\u00bb _builder_version=\u00bb3.25&#8243; width=\u00bb100%\u00bb width_tablet=\u00bb100%\u00bb width_phone=\u00bb100%\u00bb width_last_edited=\u00bbon|desktop\u00bb max_width=\u00bb100%\u00bb max_width_tablet=\u00bb100%\u00bb max_width_phone=\u00bb100%\u00bb max_width_last_edited=\u00bbon|desktop\u00bb custom_padding=\u00bb|||\u00bb make_fullwidth=\u00bbon\u00bb global_colors_info=\u00bb{}\u00bb][et_pb_column type=\u00bb1_4&#8243; _builder_version=\u00bb3.25&#8243; custom_padding=\u00bb|||\u00bb global_colors_info=\u00bb{}\u00bb custom_padding__hover=\u00bb|||\u00bb][et_pb_image src=\u00bbhttps:\/\/unionactiva.com\/wp-content\/uploads\/2024\/01\/cascada.webp\u00bb title_text=\u00bbcascada\u00bb show_in_lightbox=\u00bbon\u00bb force_fullwidth=\u00bbon\u00bb align_tablet=\u00bbcenter\u00bb align_phone=\u00bbcenter\u00bb align_last_edited=\u00bbon|desktop\u00bb _builder_version=\u00bb4.13.0&#8243; animation_style=\u00bbzoom\u00bb animation_intensity_zoom=\u00bb10%\u00bb global_colors_info=\u00bb{}\u00bb][\/et_pb_image][\/et_pb_column][et_pb_column type=\u00bb1_4&#8243; _builder_version=\u00bb3.25&#8243; custom_padding=\u00bb|||\u00bb global_colors_info=\u00bb{}\u00bb custom_padding__hover=\u00bb|||\u00bb][et_pb_image src=\u00bbhttps:\/\/unionactiva.com\/wp-content\/uploads\/2024\/01\/2-2.png\u00bb title_text=\u00bb2-2&#8243; show_in_lightbox=\u00bbon\u00bb force_fullwidth=\u00bbon\u00bb align_tablet=\u00bbcenter\u00bb align_phone=\u00bbcenter\u00bb align_last_edited=\u00bbon|desktop\u00bb _builder_version=\u00bb4.13.0&#8243; animation_style=\u00bbzoom\u00bb animation_delay=\u00bb300ms\u00bb animation_intensity_zoom=\u00bb10%\u00bb locked=\u00bboff\u00bb global_colors_info=\u00bb{}\u00bb][\/et_pb_image][\/et_pb_column][et_pb_column type=\u00bb1_4&#8243; _builder_version=\u00bb3.25&#8243; custom_padding=\u00bb|||\u00bb global_colors_info=\u00bb{}\u00bb custom_padding__hover=\u00bb|||\u00bb][et_pb_image src=\u00bbhttps:\/\/unionactiva.com\/wp-content\/uploads\/2023\/10\/cascada6.webp\u00bb title_text=\u00bbcascada6&#8243; show_in_lightbox=\u00bbon\u00bb force_fullwidth=\u00bbon\u00bb align_tablet=\u00bbcenter\u00bb align_phone=\u00bbcenter\u00bb align_last_edited=\u00bbon|desktop\u00bb _builder_version=\u00bb4.13.0&#8243; transform_translate=\u00bb0px|-1px\u00bb transform_translate_linked=\u00bboff\u00bb custom_padding=\u00bb||0px|||\u00bb animation_style=\u00bbzoom\u00bb animation_delay=\u00bb100ms\u00bb animation_intensity_zoom=\u00bb10%\u00bb locked=\u00bboff\u00bb global_colors_info=\u00bb{}\u00bb][\/et_pb_image][\/et_pb_column][et_pb_column type=\u00bb1_4&#8243; _builder_version=\u00bb3.25&#8243; custom_padding=\u00bb|||\u00bb global_colors_info=\u00bb{}\u00bb custom_padding__hover=\u00bb|||\u00bb][et_pb_image src=\u00bbhttps:\/\/unionactiva.com\/wp-content\/uploads\/2024\/01\/4-4.png\u00bb title_text=\u00bb4-4&#8243; show_in_lightbox=\u00bbon\u00bb force_fullwidth=\u00bbon\u00bb align_tablet=\u00bbcenter\u00bb align_phone=\u00bbcenter\u00bb align_last_edited=\u00bbon|desktop\u00bb _builder_version=\u00bb4.13.0&#8243; animation_style=\u00bbzoom\u00bb animation_delay=\u00bb200ms\u00bb animation_intensity_zoom=\u00bb10%\u00bb locked=\u00bboff\u00bb global_colors_info=\u00bb{}\u00bb][\/et_pb_image][\/et_pb_column][\/et_pb_row][et_pb_row _builder_version=\u00bb3.25&#8243; global_colors_info=\u00bb{}\u00bb][et_pb_column type=\u00bb4_4&#8243; _builder_version=\u00bb3.25&#8243; custom_padding=\u00bb50px|||\u00bb global_colors_info=\u00bb{}\u00bb custom_padding__hover=\u00bb|||\u00bb][et_pb_button button_url=\u00bbhttps:\/\/form.jotform.com\/233257542659666&#8243; button_text=\u00bbInscribirme\u00bb button_alignment=\u00bbcenter\u00bb admin_label=\u00bbGallery Button\u00bb _builder_version=\u00bb4.13.0&#8243; custom_button=\u00bbon\u00bb button_text_size=\u00bb25px\u00bb button_text_color=\u00bb#FF801A\u00bb button_border_radius=\u00bb0px\u00bb button_letter_spacing=\u00bb4px\u00bb button_font=\u00bbOswald|on||on|\u00bb button_icon=\u00bb&#x24;||divi||400&#8243; button_icon_color=\u00bb#FF801A\u00bb button_text_size_tablet=\u00bb25px\u00bb button_text_size_phone=\u00bb25px\u00bb button_text_size_last_edited=\u00bbon|phone\u00bb button_border_color_hover=\u00bb#1a1a1a\u00bb button_border_radius_hover=\u00bb0px\u00bb button_letter_spacing_hover=\u00bb4px\u00bb button_bg_color_hover=\u00bbrgba(0,0,0,0)\u00bb global_colors_info=\u00bb{}\u00bb button_text_size__hover_enabled=\u00bboff\u00bb button_one_text_size__hover_enabled=\u00bboff\u00bb button_two_text_size__hover_enabled=\u00bboff\u00bb button_text_color__hover_enabled=\u00bboff\u00bb button_one_text_color__hover_enabled=\u00bboff\u00bb button_two_text_color__hover_enabled=\u00bboff\u00bb button_border_width__hover_enabled=\u00bboff\u00bb button_one_border_width__hover_enabled=\u00bboff\u00bb button_two_border_width__hover_enabled=\u00bboff\u00bb button_border_color__hover_enabled=\u00bbon\u00bb button_border_color__hover=\u00bb#FF801A\u00bb button_one_border_color__hover_enabled=\u00bboff\u00bb button_two_border_color__hover_enabled=\u00bboff\u00bb button_border_radius__hover_enabled=\u00bbon|hover\u00bb button_border_radius__hover=\u00bb0px\u00bb button_one_border_radius__hover_enabled=\u00bboff\u00bb button_two_border_radius__hover_enabled=\u00bboff\u00bb button_letter_spacing__hover_enabled=\u00bbon\u00bb button_letter_spacing__hover=\u00bb4px\u00bb button_one_letter_spacing__hover_enabled=\u00bboff\u00bb button_two_letter_spacing__hover_enabled=\u00bboff\u00bb button_bg_color__hover_enabled=\u00bbon|hover\u00bb button_bg_color__hover=\u00bbrgba(0,0,0,0)\u00bb button_one_bg_color__hover_enabled=\u00bboff\u00bb button_two_bg_color__hover_enabled=\u00bboff\u00bb][\/et_pb_button][\/et_pb_column][\/et_pb_row][\/et_pb_section][et_pb_section fb_built=\u00bb1&#8243; admin_label=\u00bbOur Guides\u00bb _builder_version=\u00bb3.22&#8243; custom_padding=\u00bb110px||19px|||\u00bb global_colors_info=\u00bb{}\u00bb][et_pb_row _builder_version=\u00bb3.25&#8243; global_colors_info=\u00bb{}\u00bb][et_pb_column type=\u00bb4_4&#8243; _builder_version=\u00bb3.25&#8243; custom_padding=\u00bb|||\u00bb global_colors_info=\u00bb{}\u00bb custom_padding__hover=\u00bb|||\u00bb][et_pb_text content_tablet=\u00bb<\/p>\n<h1>coordinador<\/h1>\n<p>\u00bb content_phone=\u00bb<\/p>\n<h1>coordinador<\/h1>\n<p>\u00bb content_last_edited=\u00bbon|phone\u00bb admin_label=\u00bbTeam Title\u00bb _builder_version=\u00bb4.13.0&#8243; text_font=\u00bb||||\u00bb text_text_color=\u00bb#1a1a1a\u00bb header_font=\u00bbActor|700||on|||||\u00bb header_text_align=\u00bbcenter\u00bb header_font_size=\u00bb60px\u00bb header_line_height=\u00bb1.3em\u00bb module_alignment=\u00bbcenter\u00bb custom_margin=\u00bb|||\u00bb custom_padding=\u00bb|||\u00bb animation_style=\u00bbslide\u00bb animation_direction=\u00bbtop\u00bb animation_intensity_slide=\u00bb10%\u00bb header_font_size_tablet=\u00bb60px\u00bb header_font_size_phone=\u00bb42px\u00bb header_font_size_last_edited=\u00bbon|phone\u00bb locked=\u00bboff\u00bb global_colors_info=\u00bb{}\u00bb]<\/p>\n<h1>coordinador<\/h1>\n<p>[\/et_pb_text][et_pb_divider color=\u00bb#FF801A\u00bb divider_position=\u00bbcenter\u00bb divider_weight=\u00bb3px\u00bb disabled_on=\u00bboff|off|off\u00bb _builder_version=\u00bb4.13.0&#8243; max_width=\u00bb150px\u00bb module_alignment=\u00bbcenter\u00bb height=\u00bbfalse\u00bb custom_margin=\u00bb30px|||\u00bb animation_style=\u00bbslide\u00bb animation_direction=\u00bbtop\u00bb animation_delay=\u00bb100ms\u00bb animation_intensity_slide=\u00bb10%\u00bb locked=\u00bboff\u00bb global_colors_info=\u00bb{}\u00bb][\/et_pb_divider][\/et_pb_column][\/et_pb_row][et_pb_row _builder_version=\u00bb4.13.0&#8243; _module_preset=\u00bbdefault\u00bb global_colors_info=\u00bb{}\u00bb][et_pb_column type=\u00bb4_4&#8243; _builder_version=\u00bb4.13.0&#8243; _module_preset=\u00bbdefault\u00bb global_colors_info=\u00bb{}\u00bb][et_pb_text admin_label=\u00bbDiscover Beatuty Text\u00bb _builder_version=\u00bb4.13.0&#8243; text_font=\u00bbRoboto|500|||||||\u00bb text_text_color=\u00bb#474747&#8243; text_font_size=\u00bb23px\u00bb text_line_height=\u00bb1.8em\u00bb text_orientation=\u00bbjustified\u00bb custom_padding=\u00bb0px|70px||50px|false|false\u00bb custom_padding_tablet=\u00bb0px|70px||50px|false|false\u00bb custom_padding_phone=\u00bb|0px||0px|false|false\u00bb custom_padding_last_edited=\u00bbon|phone\u00bb animation_style=\u00bbslide\u00bb animation_direction=\u00bbtop\u00bb animation_delay=\u00bb200ms\u00bb animation_intensity_slide=\u00bb10%\u00bb text_font_size_last_edited=\u00bboff|phone\u00bb global_colors_info=\u00bb{}\u00bb]<\/p>\n<p>Nos esforzamos por liderar cada actividad con la m\u00e1xima competencia y responsabilidad, impulsados por un inter\u00e9s aut\u00e9ntico en alcanzar nuestro objetivo m\u00e1s significativo: crear conexiones reales y memorables para aquellos que buscan una experiencia \u00fanica en contacto con la naturaleza.<\/p>\n<p>[\/et_pb_text][\/et_pb_column][\/et_pb_row][et_pb_row column_structure=\u00bb1_3,2_3&#8243; _builder_version=\u00bb3.25&#8243; custom_padding=\u00bb40px|0px|55px|0px||\u00bb global_colors_info=\u00bb{}\u00bb][et_pb_column type=\u00bb1_3&#8243; _builder_version=\u00bb3.25&#8243; custom_padding=\u00bb|||\u00bb global_colors_info=\u00bb{}\u00bb custom_padding__hover=\u00bb|||\u00bb][et_pb_blurb title=\u00bbProf. Gustavo Videla\u00bb image=\u00bbhttps:\/\/unionactiva.com\/wp-content\/uploads\/2024\/04\/imagen-gustavo-info-final.png\u00bb _builder_version=\u00bb4.13.0&#8243; header_font=\u00bbOswald|on||on|\u00bb header_font_size=\u00bb24px\u00bb body_font=\u00bbRoboto||||\u00bb body_text_color=\u00bbrgba(0,0,0,0.38)\u00bb body_font_size=\u00bb16px\u00bb text_orientation=\u00bbcenter\u00bb animation_style=\u00bbzoom\u00bb animation_intensity_zoom=\u00bb10%\u00bb locked=\u00bboff\u00bb global_colors_info=\u00bb{}\u00bb]<\/p>\n<p>Coordinador \/ Gu\u00eda habilitado<\/p>\n<p>[\/et_pb_blurb][\/et_pb_column][et_pb_column type=\u00bb2_3&#8243; _builder_version=\u00bb3.25&#8243; custom_padding=\u00bb|||\u00bb global_colors_info=\u00bb{}\u00bb custom_padding__hover=\u00bb|||\u00bb][et_pb_text disabled_on=\u00bbon|off|off\u00bb _builder_version=\u00bb4.13.0&#8243; _module_preset=\u00bbdefault\u00bb text_font=\u00bbRoboto||||||||\u00bb text_text_color=\u00bb#474747&#8243; text_font_size=\u00bb20px\u00bb text_line_height=\u00bb1.9em\u00bb custom_margin=\u00bb35px|-17px|118px|-4px|false|false\u00bb custom_margin_tablet=\u00bb|-4px|47px|90px|false|false\u00bb custom_margin_phone=\u00bb|0px||0px|false|false\u00bb custom_margin_last_edited=\u00bbon|phone\u00bb custom_padding=\u00bb|70px||85px|false|false\u00bb text_font_size_tablet=\u00bb21px\u00bb text_font_size_phone=\u00bb18px\u00bb text_font_size_last_edited=\u00bbon|phone\u00bb global_colors_info=\u00bb{}\u00bb]<span class=\"tilde\"><\/span>\u00a0Prestador de Servicios de Turismo Alternativo. Habilitado por la Agencia C\u00f3rdoba D.A.C.yT. ( Gob. de la Prov. de Cba. ) Caminatas de hasta segundo grado. Resoluci\u00f3n. 199\/23.<br \/>\n<span class=\"tilde\"><\/span>\u00a0Profesor de educaci\u00f3n f\u00edsica.<br \/>\n<span class=\"tilde\"><\/span> Life Coach corporal.[\/et_pb_text][et_pb_text disabled_on=\u00bboff|on|on\u00bb _builder_version=\u00bb4.13.0&#8243; _module_preset=\u00bbdefault\u00bb text_font=\u00bbRoboto|600|||||||\u00bb text_text_color=\u00bb#474747&#8243; text_font_size=\u00bb20px\u00bb text_letter_spacing=\u00bb1px\u00bb text_line_height=\u00bb1.9em\u00bb custom_margin=\u00bb35px|-17px|8px|-4px|false|false\u00bb custom_margin_tablet=\u00bb|-4px|47px|90px|false|false\u00bb custom_margin_phone=\u00bb|0px||0px|false|false\u00bb custom_margin_last_edited=\u00bbon|phone\u00bb custom_padding=\u00bb|0px||0px|false|false\u00bb text_font_size_tablet=\u00bb21px\u00bb text_font_size_phone=\u00bb18px\u00bb text_font_size_last_edited=\u00bbon|phone\u00bb global_colors_info=\u00bb{}\u00bb]<span class=\"tilde\"><\/span>\u00a0Profesor de educaci\u00f3n f\u00edsica.<br \/>\n<span class=\"tilde\"><\/span>\u00a0Prestador de Servicios de Turismo Alternativo. Habilitado por la Agencia C\u00f3rdoba D.A.C.yT. ( Gob. de la Prov. de Cba. ) Caminatas de hasta segundo grado. Resoluci\u00f3n. 199\/23.<br \/>\n<span class=\"tilde\"><\/span>\u00a0Profesor de educaci\u00f3n f\u00edsica.<br \/>\n<span class=\"tilde\"><\/span> Life Coach corporal.[\/et_pb_text][\/et_pb_column][\/et_pb_row][\/et_pb_section][et_pb_section fb_built=\u00bb1&#8243; admin_label=\u00bbLook Inside Section\u00bb _builder_version=\u00bb4.13.0&#8243; background_image=\u00bbhttps:\/\/unionactiva.com\/wp-content\/uploads\/2023\/11\/incluye3-scaled.webp\u00bb custom_padding=\u00bb0px||0px|\u00bb global_colors_info=\u00bb{}\u00bb][et_pb_row column_structure=\u00bb1_2,1_2&#8243; use_custom_gutter=\u00bbon\u00bb gutter_width=\u00bb1&#8243; make_equal=\u00bbon\u00bb module_class=\u00bb et_pb_row_fullwidth\u00bb _builder_version=\u00bb3.25&#8243; width=\u00bb100%\u00bb width_tablet=\u00bb100%\u00bb width_phone=\u00bb100%\u00bb width_last_edited=\u00bbon|desktop\u00bb max_width=\u00bb100%\u00bb max_width_tablet=\u00bb100%\u00bb max_width_phone=\u00bb100%\u00bb max_width_last_edited=\u00bbon|desktop\u00bb custom_padding=\u00bb0px||0px|||\u00bb make_fullwidth=\u00bbon\u00bb global_colors_info=\u00bb{}\u00bb][et_pb_column type=\u00bb1_2&#8243; _builder_version=\u00bb3.25&#8243; parallax=\u00bbon\u00bb custom_padding=\u00bb|||\u00bb global_colors_info=\u00bb{}\u00bb custom_padding__hover=\u00bb|||\u00bb][\/et_pb_column][et_pb_column type=\u00bb1_2&#8243; _builder_version=\u00bb3.25&#8243; use_background_color_gradient=\u00bbon\u00bb background_color_gradient_start=\u00bb#ffffff\u00bb background_color_gradient_end=\u00bbrgba(255,255,255,0.85)\u00bb background_color_gradient_end_position=\u00bb50%\u00bb custom_padding=\u00bb8%|6%|6%|6%\u00bb global_colors_info=\u00bb{}\u00bb custom_padding__hover=\u00bb|||\u00bb][et_pb_text admin_label=\u00bbLook Inside Title\u00bb _builder_version=\u00bb4.13.0&#8243; text_font=\u00bb||||\u00bb text_text_color=\u00bb#1a1a1a\u00bb header_font=\u00bbActor|700||on|||||\u00bb header_text_align=\u00bbleft\u00bb header_font_size=\u00bb60px\u00bb header_line_height=\u00bb1.3em\u00bb max_width=\u00bb450px\u00bb custom_margin=\u00bb|||\u00bb custom_padding=\u00bb|||\u00bb animation_style=\u00bbslide\u00bb animation_direction=\u00bbtop\u00bb animation_intensity_slide=\u00bb10%\u00bb locked=\u00bboff\u00bb global_colors_info=\u00bb{}\u00bb]<\/p>\n<h1>incluye<\/h1>\n<p>[\/et_pb_text][et_pb_divider color=\u00bb#FF801A\u00bb divider_position=\u00bbcenter\u00bb divider_weight=\u00bb3px\u00bb disabled_on=\u00bboff|off|off\u00bb _builder_version=\u00bb4.13.0&#8243; max_width=\u00bb150px\u00bb height=\u00bbfalse\u00bb custom_margin=\u00bb30px|||\u00bb animation_style=\u00bbslide\u00bb animation_direction=\u00bbtop\u00bb animation_delay=\u00bb100ms\u00bb animation_intensity_slide=\u00bb10%\u00bb locked=\u00bboff\u00bb global_colors_info=\u00bb{}\u00bb][\/et_pb_divider][et_pb_text admin_label=\u00bbLook Inside Sub Title\u00bb _builder_version=\u00bb4.13.0&#8243; text_font=\u00bbRoboto||||\u00bb text_text_color=\u00bb#474747&#8243; text_font_size=\u00bb24px\u00bb text_line_height=\u00bb1.4em\u00bb max_width=\u00bb450px\u00bb custom_padding=\u00bb30px|||\u00bb animation_style=\u00bbslide\u00bb animation_direction=\u00bbtop\u00bb animation_delay=\u00bb200ms\u00bb animation_intensity_slide=\u00bb10%\u00bb locked=\u00bboff\u00bb global_colors_info=\u00bb{}\u00bb]<\/p>\n<p>Nuestros servicios cumplen con todas las exigencias legales y los mas altos est\u00e1ndares inherentes a las caminatas en zonas agrestes.<\/p>\n<p>[\/et_pb_text][et_pb_blurb title=\u00bbBotiqu\u00edn de primeros auxilios.\u00bb use_icon=\u00bbon\u00bb font_icon=\u00bb&#xf469;||fa||900&#8243; icon_placement=\u00bbleft\u00bb image_icon_width=\u00bb55px\u00bb _builder_version=\u00bb4.13.0&#8243; _module_preset=\u00bbdefault\u00bb header_font=\u00bbRoboto||||||||\u00bb header_font_size=\u00bb24px\u00bb header_line_height=\u00bb2.7em\u00bb custom_margin=\u00bb59px||30px|0px|false|false\u00bb custom_padding=\u00bb1px||4px||false|false\u00bb global_colors_info=\u00bb{}\u00bb][\/et_pb_blurb][et_pb_blurb title=\u00bbAtenci\u00f3n personalizada previa al viaje.\u00bb use_icon=\u00bbon\u00bb font_icon=\u00bb&#xf2b5;||fa||400&#8243; icon_placement=\u00bbleft\u00bb image_icon_width=\u00bb48px\u00bb _builder_version=\u00bb4.13.0&#8243; _module_preset=\u00bbdefault\u00bb header_font=\u00bbRoboto||||||||\u00bb header_font_size=\u00bb24px\u00bb header_line_height=\u00bb2.7em\u00bb body_font_size=\u00bb18px\u00bb image_icon_custom_margin=\u00bb|0px||0px|false|false\u00bb image_icon_custom_padding=\u00bb|0px||0px|false|false\u00bb custom_margin=\u00bb13px||0px||false|false\u00bb custom_padding=\u00bb1px||4px||false|false\u00bb global_colors_info=\u00bb{}\u00bb]Grupo de Whats app. Contacto personalizado ante cualquier duda. Asesoramiento previo sobre medidas de seguridad y log\u00edstica.[\/et_pb_blurb][et_pb_blurb title=\u00bbSeguro de accidentes personales para el Turismo Alternativo y Responsabilidad Civil. (LEY N\u00ba 8801 &#8211; Gobierno de C\u00f3rdoba.)\u00bb use_icon=\u00bbon\u00bb font_icon=\u00bb&#xf3ed;||fa||900&#8243; icon_placement=\u00bbleft\u00bb image_icon_width=\u00bb52px\u00bb _builder_version=\u00bb4.13.0&#8243; _module_preset=\u00bbdefault\u00bb header_font=\u00bbRoboto||||||||\u00bb header_font_size=\u00bb24px\u00bb header_line_height=\u00bb1.4em\u00bb custom_margin=\u00bb28px||0px||false|false\u00bb custom_padding=\u00bb1px||0px||false|false\u00bb global_colors_info=\u00bb{}\u00bb][\/et_pb_blurb][et_pb_blurb title=\u00bbCoordinaci\u00f3n y log\u00edstica de transporte.\u00bb use_icon=\u00bbon\u00bb font_icon=\u00bb&#xf5e4;||fa||900&#8243; icon_placement=\u00bbleft\u00bb image_icon_width=\u00bb52px\u00bb _builder_version=\u00bb4.13.0&#8243; _module_preset=\u00bbdefault\u00bb header_font=\u00bbRoboto||||||||\u00bb header_font_size=\u00bb24px\u00bb header_line_height=\u00bb1.4em\u00bb body_font_size=\u00bb18px\u00bb custom_margin=\u00bb33px||0px||false|false\u00bb custom_padding=\u00bb1px||0px||false|false\u00bb global_colors_info=\u00bb{}\u00bb]<\/p>\n<p>Destinada a quienes no poseen veh\u00edculo propio para trasladarse hacia el destino.<\/p>\n<p>[\/et_pb_blurb][et_pb_blurb title=\u00bbComunicaci\u00f3n VHF permanente.\u00bb use_icon=\u00bbon\u00bb font_icon=\u00bb&#xf519;||fa||900&#8243; icon_placement=\u00bbleft\u00bb image_icon_width=\u00bb50px\u00bb _builder_version=\u00bb4.13.0&#8243; _module_preset=\u00bbdefault\u00bb header_font=\u00bbRoboto||||||||\u00bb header_font_size=\u00bb24px\u00bb header_line_height=\u00bb2.4em\u00bb custom_margin=\u00bb24px||0px||false|false\u00bb custom_padding=\u00bb1px||0px||false|false\u00bb global_colors_info=\u00bb{}\u00bb][\/et_pb_blurb][\/et_pb_column][\/et_pb_row][\/et_pb_section][et_pb_section fb_built=\u00bb1&#8243; custom_padding_last_edited=\u00bbon|tablet\u00bb admin_label=\u00bbOffer\u00bb _builder_version=\u00bb4.13.0&#8243; background_color=\u00bbrgba(0,0,0,0.5)\u00bb background_image=\u00bbhttps:\/\/unionactiva.com\/wp-content\/uploads\/2023\/08\/trekking-caminatas-scaled.jpeg\u00bb background_blend=\u00bbcolor\u00bb custom_padding=\u00bb94px||120px|||\u00bb custom_padding_tablet=\u00bb80px||80px|\u00bb custom_padding_phone=\u00bb\u00bb global_colors_info=\u00bb{}\u00bb][et_pb_row _builder_version=\u00bb3.25&#8243; custom_margin=\u00bb|||\u00bb global_colors_info=\u00bb{}\u00bb][et_pb_column type=\u00bb4_4&#8243; _builder_version=\u00bb3.25&#8243; custom_padding=\u00bb|||\u00bb global_colors_info=\u00bb{}\u00bb custom_padding__hover=\u00bb|||\u00bb][et_pb_text admin_label=\u00bbCTA Section Subtitle\u00bb _builder_version=\u00bb4.13.0&#8243; text_font=\u00bbRoboto|on||on|\u00bb text_font_size=\u00bb24px\u00bb text_letter_spacing=\u00bb4px\u00bb text_line_height=\u00bb1.8em\u00bb text_orientation=\u00bbcenter\u00bb background_layout=\u00bbdark\u00bb module_alignment=\u00bbcenter\u00bb animation_style=\u00bbzoom\u00bb animation_intensity_zoom=\u00bb20%\u00bb global_colors_info=\u00bb{}\u00bb]Valor de la experiencia[\/et_pb_text][et_pb_text admin_label=\u00bbCTA Section Title\u00bb _builder_version=\u00bb4.13.0&#8243; text_font=\u00bb||||\u00bb header_font=\u00bbOswald|on||on|\u00bb header_text_align=\u00bbcenter\u00bb header_font_size=\u00bb60px\u00bb header_line_height=\u00bb1.3em\u00bb background_layout=\u00bbdark\u00bb module_alignment=\u00bbcenter\u00bb custom_margin=\u00bb||2px|||\u00bb custom_padding=\u00bb||8px|||\u00bb animation_style=\u00bbzoom\u00bb animation_delay=\u00bb100ms\u00bb animation_intensity_zoom=\u00bb20%\u00bb locked=\u00bboff\u00bb global_colors_info=\u00bb{}\u00bb]<\/p>\n<h1>$ 7000.-<\/h1>\n<p>[\/et_pb_text][et_pb_divider color=\u00bb#ffffff\u00bb divider_position=\u00bbcenter\u00bb divider_weight=\u00bb3px\u00bb disabled_on=\u00bboff|off|off\u00bb _builder_version=\u00bb3.2&#8243; max_width=\u00bb150px\u00bb module_alignment=\u00bbcenter\u00bb height=\u00bbfalse\u00bb animation_style=\u00bbzoom\u00bb animation_delay=\u00bb200ms\u00bb animation_intensity_zoom=\u00bb20%\u00bb locked=\u00bboff\u00bb global_colors_info=\u00bb{}\u00bb][\/et_pb_divider][et_pb_text _builder_version=\u00bb4.13.0&#8243; text_font=\u00bbRoboto||||\u00bb text_font_size=\u00bb24px\u00bb text_line_height=\u00bb1.4em\u00bb text_orientation=\u00bbcenter\u00bb background_layout=\u00bbdark\u00bb max_width=\u00bb750px\u00bb module_alignment=\u00bbcenter\u00bb custom_padding=\u00bb2px||27px|||\u00bb animation_style=\u00bbzoom\u00bb animation_delay=\u00bb300ms\u00bb animation_intensity_zoom=\u00bb20%\u00bb global_colors_info=\u00bb{}\u00bb]Se puede pagar con tarjeta de cr\u00e9dito[\/et_pb_text][et_pb_button button_url=\u00bbhttps:\/\/form.jotform.com\/233257542659666&#8243; button_text=\u00bbInscribirme\u00bb button_alignment=\u00bbcenter\u00bb _builder_version=\u00bb4.13.0&#8243; custom_button=\u00bbon\u00bb button_text_color=\u00bb#ffffff\u00bb button_border_radius=\u00bb0px\u00bb button_letter_spacing=\u00bb4px\u00bb button_font=\u00bbOswald|on||on|\u00bb button_icon=\u00bb&#x24;||divi||400&#8243; button_icon_color=\u00bb#ffffff\u00bb background_layout=\u00bbdark\u00bb animation_style=\u00bbzoom\u00bb animation_delay=\u00bb400ms\u00bb animation_intensity_zoom=\u00bb20%\u00bb button_border_color_hover=\u00bb#ffffff\u00bb button_border_radius_hover=\u00bb0px\u00bb button_letter_spacing_hover=\u00bb4px\u00bb button_bg_color_hover=\u00bbrgba(0,0,0,0)\u00bb global_colors_info=\u00bb{}\u00bb button_text_size__hover_enabled=\u00bboff\u00bb button_one_text_size__hover_enabled=\u00bboff\u00bb button_two_text_size__hover_enabled=\u00bboff\u00bb button_text_color__hover_enabled=\u00bboff\u00bb button_one_text_color__hover_enabled=\u00bboff\u00bb button_two_text_color__hover_enabled=\u00bboff\u00bb button_border_width__hover_enabled=\u00bboff\u00bb button_one_border_width__hover_enabled=\u00bboff\u00bb button_two_border_width__hover_enabled=\u00bboff\u00bb button_border_color__hover_enabled=\u00bbon\u00bb button_border_color__hover=\u00bb#ffffff\u00bb button_one_border_color__hover_enabled=\u00bboff\u00bb button_two_border_color__hover_enabled=\u00bboff\u00bb button_border_radius__hover_enabled=\u00bbon|hover\u00bb button_border_radius__hover=\u00bb0px\u00bb button_one_border_radius__hover_enabled=\u00bboff\u00bb button_two_border_radius__hover_enabled=\u00bboff\u00bb button_letter_spacing__hover_enabled=\u00bbon\u00bb button_letter_spacing__hover=\u00bb4px\u00bb button_one_letter_spacing__hover_enabled=\u00bboff\u00bb button_two_letter_spacing__hover_enabled=\u00bboff\u00bb button_bg_color__hover_enabled=\u00bbon\u00bb button_bg_color__hover=\u00bbrgba(0,0,0,0)\u00bb button_one_bg_color__hover_enabled=\u00bboff\u00bb button_two_bg_color__hover_enabled=\u00bboff\u00bb][\/et_pb_button][et_pb_text _builder_version=\u00bb4.13.0&#8243; _module_preset=\u00bbdefault\u00bb text_font=\u00bbLato|700|||||||\u00bb text_text_color=\u00bb#FFFFFF\u00bb text_font_size=\u00bb27px\u00bb text_line_height=\u00bb1.8em\u00bb text_orientation=\u00bbcenter\u00bb custom_margin=\u00bb||1px|||\u00bb global_colors_info=\u00bb{}\u00bb]Compartirla[\/et_pb_text][et_pb_code _builder_version=\u00bb4.13.0&#8243; _module_preset=\u00bbdefault\u00bb global_colors_info=\u00bb{}\u00bb]<!-- ShareThis BEGIN --><!-- [et_pb_line_break_holder] --><!-- [et_pb_line_break_holder] --><!-- [et_pb_line_break_holder] --><!-- [et_pb_line_break_holder] --><!-- [et_pb_line_break_holder] --><!-- [et_pb_line_break_holder] --><\/p>\n<div class=\"sharethis-inline-share-buttons\"><\/div>\n<p><!-- [et_pb_line_break_holder] --><!-- [et_pb_line_break_holder] --><!-- [et_pb_line_break_holder] --><!-- [et_pb_line_break_holder] --><!-- [et_pb_line_break_holder] --><!-- [et_pb_line_break_holder] --><!-- ShareThis END -->[\/et_pb_code][\/et_pb_column][\/et_pb_row][\/et_pb_section]<\/p>\n","protected":false},"excerpt":{"rendered":"<p>10 de Agosto I Actividad GratuitaUna experiencia dise\u00f1ada para personas mayores de 50 a\u00f1os que desean conectar con la naturaleza y redescubrir el valor de las relaciones humanas.Te invitamos a una caminata gratuita en un entorno natural espectacular de la provincia de C\u00f3rdoba. Aprovecha esta oportunidad para mejorar tu bienestar, disfrutar de la naturaleza y [&hellip;]<\/p>\n","protected":false},"author":1,"featured_media":0,"parent":0,"menu_order":0,"comment_status":"closed","ping_status":"closed","template":"","meta":{"_et_pb_use_builder":"on","_et_pb_old_content":"","_et_gb_content_width":"","_joinchat":[],"footnotes":""},"wf_page_folders":[70],"class_list":["post-7422","page","type-page","status-publish","hentry"],"_links":{"self":[{"href":"https:\/\/unionactiva.com\/index.php\/wp-json\/wp\/v2\/pages\/7422","targetHints":{"allow":["GET"]}}],"collection":[{"href":"https:\/\/unionactiva.com\/index.php\/wp-json\/wp\/v2\/pages"}],"about":[{"href":"https:\/\/unionactiva.com\/index.php\/wp-json\/wp\/v2\/types\/page"}],"author":[{"embeddable":true,"href":"https:\/\/unionactiva.com\/index.php\/wp-json\/wp\/v2\/users\/1"}],"replies":[{"embeddable":true,"href":"https:\/\/unionactiva.com\/index.php\/wp-json\/wp\/v2\/comments?post=7422"}],"version-history":[{"count":186,"href":"https:\/\/unionactiva.com\/index.php\/wp-json\/wp\/v2\/pages\/7422\/revisions"}],"predecessor-version":[{"id":8402,"href":"https:\/\/unionactiva.com\/index.php\/wp-json\/wp\/v2\/pages\/7422\/revisions\/8402"}],"wp:attachment":[{"href":"https:\/\/unionactiva.com\/index.php\/wp-json\/wp\/v2\/media?parent=7422"}],"wp:term":[{"taxonomy":"wf_page_folders","embeddable":true,"href":"https:\/\/unionactiva.com\/index.php\/wp-json\/wp\/v2\/wf_page_folders?post=7422"}],"curies":[{"name":"wp","href":"https:\/\/api.w.org\/{rel}","templated":true}]}}