{"id":3528,"date":"2023-08-04T20:55:30","date_gmt":"2023-08-04T23:55:30","guid":{"rendered":"https:\/\/unionactiva.com\/?page_id=3528"},"modified":"2026-04-28T12:37:32","modified_gmt":"2026-04-28T15:37:32","slug":"experiencias","status":"publish","type":"page","link":"https:\/\/unionactiva.com\/index.php\/experiencias\/","title":{"rendered":"Actividades"},"content":{"rendered":"<p>[et_pb_section fb_built=\u00bb1&#8243; disabled_on=\u00bboff|off|off\u00bb _builder_version=\u00bb4.14.5&#8243; _module_preset=\u00bbdefault\u00bb background_color=\u00bb#76c7c0&#8243; background_color_gradient_start=\u00bbrgba(255,203,2,0)\u00bb background_color_gradient_end=\u00bbrgba(9,147,150,0.43)\u00bb background_enable_image=\u00bboff\u00bb custom_padding=\u00bb2px||17px|||\u00bb bottom_divider_height=\u00bb33px\u00bb global_colors_info=\u00bb{}\u00bb][et_pb_row _builder_version=\u00bb4.14.5&#8243; _module_preset=\u00bbdefault\u00bb transform_translate=\u00bb0px|28px\u00bb transform_translate_linked=\u00bboff\u00bb custom_padding=\u00bb24px|||||\u00bb global_colors_info=\u00bb{}\u00bb][et_pb_column type=\u00bb4_4&#8243; _builder_version=\u00bb4.13.0&#8243; _module_preset=\u00bbdefault\u00bb global_colors_info=\u00bb{}\u00bb][et_pb_text _builder_version=\u00bb4.14.5&#8243; _module_preset=\u00bbdefault\u00bb text_font=\u00bbMontserrat|600|||||||\u00bb text_text_color=\u00bb#FFFFFF\u00bb text_font_size=\u00bb42px\u00bb text_letter_spacing=\u00bb1px\u00bb text_font_size_tablet=\u00bb47px\u00bb text_font_size_phone=\u00bb37px\u00bb text_font_size_last_edited=\u00bbon|desktop\u00bb text_letter_spacing_tablet=\u00bb1px\u00bb text_letter_spacing_phone=\u00bb2px\u00bb text_letter_spacing_last_edited=\u00bbon|phone\u00bb text_line_height_tablet=\u00bb\u00bb text_line_height_phone=\u00bb1em\u00bb text_line_height_last_edited=\u00bbon|phone\u00bb global_colors_info=\u00bb{}\u00bb]<\/p>\n<p>Experiencias +50 para compartir y disfrutar<\/p>\n<p>[\/et_pb_text][\/et_pb_column][\/et_pb_row][et_pb_row _builder_version=\u00bb4.14.5&#8243; _module_preset=\u00bbdefault\u00bb global_colors_info=\u00bb{}\u00bb][et_pb_column type=\u00bb4_4&#8243; _builder_version=\u00bb4.14.5&#8243; _module_preset=\u00bbdefault\u00bb custom_padding_tablet=\u00bb\u00bb custom_padding_phone=\u00bb|0px|||false|false\u00bb custom_padding_last_edited=\u00bbon|phone\u00bb global_colors_info=\u00bb{}\u00bb][et_pb_text _builder_version=\u00bb4.14.5&#8243; _module_preset=\u00bbdefault\u00bb text_font=\u00bbLato|700|||||||\u00bb text_text_color=\u00bb#ffffff\u00bb text_font_size=\u00bb20px\u00bb text_letter_spacing=\u00bb1px\u00bb custom_margin=\u00bb|200px|||false|false\u00bb custom_margin_tablet=\u00bb|200px|||false|false\u00bb custom_margin_phone=\u00bb|0px|||false|false\u00bb custom_margin_last_edited=\u00bbon|phone\u00bb custom_padding=\u00bb|0px|||false|false\u00bb global_colors_info=\u00bb{}\u00bb]<\/p>\n<p>Propuestas presenciales pensadas para personas mayores de 50 a\u00f1os que buscan salir de la rutina, compartir buenos momentos y vivir experiencias cuidadas, en grupo y en un clima cercano.<\/p>\n<p>[\/et_pb_text][\/et_pb_column][\/et_pb_row][\/et_pb_section][et_pb_section fb_built=\u00bb1&#8243; admin_label=\u00bbProjects Section\u00bb _builder_version=\u00bb3.22&#8243; custom_margin=\u00bb|||\u00bb custom_padding=\u00bb73px||67px|||\u00bb global_colors_info=\u00bb{}\u00bb][et_pb_row column_structure=\u00bb1_2,1_2&#8243; disabled_on=\u00bbon|on|on\u00bb admin_label=\u00bbProject 01&#8243; _builder_version=\u00bb4.14.5&#8243; background_size=\u00bbinitial\u00bb background_position=\u00bbtop_left\u00bb background_repeat=\u00bbrepeat\u00bb custom_padding=\u00bb|||\u00bb disabled=\u00bbon\u00bb global_colors_info=\u00bb{}\u00bb][et_pb_column type=\u00bb1_2&#8243; _builder_version=\u00bb3.25&#8243; custom_padding=\u00bb5%||5%|\u00bb global_colors_info=\u00bb{}\u00bb custom_padding__hover=\u00bb|||\u00bb][et_pb_icon font_icon=\u00bb&#xf086;||fa||900&#8243; align=\u00bbleft\u00bb _builder_version=\u00bb4.14.5&#8243; _module_preset=\u00bbdefault\u00bb global_colors_info=\u00bb{}\u00bb][\/et_pb_icon][et_pb_cta title=\u00bbRed Social Comunitaria\u00bb button_url=\u00bbhttps:\/\/unionactiva.com\/index.php\/registro-suscripcion\/\u00bb _builder_version=\u00bb4.14.5&#8243; header_font=\u00bbLato|700|||||||\u00bb header_text_color=\u00bb#353740&#8243; header_line_height=\u00bb1.5em\u00bb body_font=\u00bbLato||||||||\u00bb body_text_color=\u00bb#747d88&#8243; body_font_size=\u00bb18px\u00bb body_line_height=\u00bb1.8em\u00bb use_background_color=\u00bboff\u00bb background_size=\u00bbinitial\u00bb background_position=\u00bbtop_left\u00bb background_repeat=\u00bbrepeat\u00bb custom_button=\u00bbon\u00bb button_text_color=\u00bb#ff9900&#8243; button_border_width=\u00bb4px\u00bb button_border_color=\u00bb#ff9900&#8243; button_border_radius=\u00bb100px\u00bb button_letter_spacing=\u00bb2px\u00bb button_font=\u00bbLato|700||on|||||\u00bb button_icon=\u00bb&#x45;||divi||400&#8243; button_icon_color=\u00bb#747d88&#8243; text_orientation=\u00bbleft\u00bb background_layout=\u00bblight\u00bb animation_style=\u00bbslide\u00bb animation_direction=\u00bbtop\u00bb animation_intensity_slide=\u00bb6%\u00bb button_bg_color_hover=\u00bbrgba(0,0,0,0)\u00bb global_colors_info=\u00bb{}\u00bb button_text_size__hover_enabled=\u00bboff\u00bb button_one_text_size__hover_enabled=\u00bboff\u00bb button_two_text_size__hover_enabled=\u00bboff\u00bb button_text_color__hover_enabled=\u00bboff\u00bb button_one_text_color__hover_enabled=\u00bboff\u00bb button_two_text_color__hover_enabled=\u00bboff\u00bb button_border_width__hover_enabled=\u00bboff\u00bb button_one_border_width__hover_enabled=\u00bboff\u00bb button_two_border_width__hover_enabled=\u00bboff\u00bb button_border_color__hover_enabled=\u00bboff\u00bb button_one_border_color__hover_enabled=\u00bboff\u00bb button_two_border_color__hover_enabled=\u00bboff\u00bb button_border_radius__hover_enabled=\u00bboff\u00bb button_one_border_radius__hover_enabled=\u00bboff\u00bb button_two_border_radius__hover_enabled=\u00bboff\u00bb button_letter_spacing__hover_enabled=\u00bboff\u00bb button_one_letter_spacing__hover_enabled=\u00bboff\u00bb button_two_letter_spacing__hover_enabled=\u00bboff\u00bb button_bg_color__hover_enabled=\u00bbon\u00bb button_bg_color__hover=\u00bbrgba(0,0,0,0)\u00bb button_one_bg_color__hover_enabled=\u00bboff\u00bb button_two_bg_color__hover_enabled=\u00bboff\u00bb]<\/p>\n<p>Una comunidad social que te permite conectar con personas afines y compartir experiencias significativas en un entorno amigable. Interact\u00faa con otros usuarios mediante grupos de inter\u00e9s, foros de discusi\u00f3n y mensajes privados, creando lazos de amistad duraderos.<\/p>\n<p>[\/et_pb_cta][\/et_pb_column][et_pb_column type=\u00bb1_2&#8243; _builder_version=\u00bb3.25&#8243; custom_padding=\u00bb|||\u00bb global_colors_info=\u00bb{}\u00bb custom_padding__hover=\u00bb|||\u00bb][et_pb_image src=\u00bbhttps:\/\/unionactiva.com\/wp-content\/uploads\/2024\/07\/comunidad-social-amigos-50.jpg\u00bb title_text=\u00bbcomunidad social amigos +50&#8243; align_tablet=\u00bbcenter\u00bb align_phone=\u00bbcenter\u00bb align_last_edited=\u00bbon|desktop\u00bb _builder_version=\u00bb4.14.5&#8243; animation_style=\u00bbslide\u00bb animation_direction=\u00bbright\u00bb animation_intensity_slide=\u00bb10%\u00bb animation_starting_opacity=\u00bb100%\u00bb global_colors_info=\u00bb{}\u00bb][\/et_pb_image][\/et_pb_column][\/et_pb_row][et_pb_row column_structure=\u00bb1_2,1_2&#8243; admin_label=\u00bbProject 02&#8243; _builder_version=\u00bb3.25&#8243; background_size=\u00bbinitial\u00bb background_position=\u00bbtop_left\u00bb background_repeat=\u00bbrepeat\u00bb custom_margin=\u00bb50px|||\u00bb custom_padding=\u00bb||1px|||\u00bb global_colors_info=\u00bb{}\u00bb][et_pb_column type=\u00bb1_2&#8243; _builder_version=\u00bb3.25&#8243; custom_padding=\u00bb|||\u00bb global_colors_info=\u00bb{}\u00bb custom_padding__hover=\u00bb|||\u00bb][et_pb_image src=\u00bbhttps:\/\/unionactiva.com\/wp-content\/uploads\/2024\/10\/caminataecogranjaredu.jpg\u00bb title_text=\u00bbcaminata + 50 trekking &#8211; amistad\u00bb align_tablet=\u00bbcenter\u00bb align_phone=\u00bbcenter\u00bb align_last_edited=\u00bbon|desktop\u00bb _builder_version=\u00bb4.14.5&#8243; animation_direction=\u00bbleft\u00bb global_colors_info=\u00bb{}\u00bb][\/et_pb_image][\/et_pb_column][et_pb_column type=\u00bb1_2&#8243; _builder_version=\u00bb3.25&#8243; custom_padding=\u00bb5%||5%|\u00bb global_colors_info=\u00bb{}\u00bb custom_padding__hover=\u00bb|||\u00bb][et_pb_icon font_icon=\u00bb&#xf6ec;||fa||900&#8243; align=\u00bbleft\u00bb _builder_version=\u00bb4.14.5&#8243; _module_preset=\u00bbdefault\u00bb global_colors_info=\u00bb{}\u00bb][\/et_pb_icon][et_pb_cta title=\u00bbExperiencias en la Naturaleza \u00bb button_url=\u00bb#\u00bb button_text=\u00bbPr\u00f3ximamente\u00bb _builder_version=\u00bb4.14.5&#8243; header_font=\u00bbLato|700|||||||\u00bb header_text_color=\u00bb#353740&#8243; header_line_height=\u00bb1.5em\u00bb body_font=\u00bbLato||||||||\u00bb body_text_color=\u00bb#747d88&#8243; body_font_size=\u00bb18px\u00bb body_line_height=\u00bb1.8em\u00bb use_background_color=\u00bboff\u00bb background_size=\u00bbinitial\u00bb background_position=\u00bbtop_left\u00bb background_repeat=\u00bbrepeat\u00bb custom_button=\u00bbon\u00bb button_text_color=\u00bb#ff9900&#8243; button_border_width=\u00bb4px\u00bb button_border_color=\u00bb#ff9900&#8243; button_border_radius=\u00bb100px\u00bb button_letter_spacing=\u00bb2px\u00bb button_font=\u00bbLato|700||on|||||\u00bb button_icon=\u00bb&#x45;||divi||400&#8243; button_icon_color=\u00bb#747d88&#8243; text_orientation=\u00bbleft\u00bb background_layout=\u00bblight\u00bb animation_direction=\u00bbtop\u00bb hover_enabled=\u00bb0&#8243; button_bg_color_hover=\u00bbrgba(0,0,0,0)\u00bb locked=\u00bboff\u00bb global_colors_info=\u00bb{}\u00bb button_text_size__hover_enabled=\u00bboff\u00bb button_one_text_size__hover_enabled=\u00bboff\u00bb button_two_text_size__hover_enabled=\u00bboff\u00bb button_text_color__hover_enabled=\u00bboff\u00bb button_one_text_color__hover_enabled=\u00bboff\u00bb button_two_text_color__hover_enabled=\u00bboff\u00bb button_border_width__hover_enabled=\u00bboff\u00bb button_one_border_width__hover_enabled=\u00bboff\u00bb button_two_border_width__hover_enabled=\u00bboff\u00bb button_border_color__hover_enabled=\u00bboff\u00bb button_one_border_color__hover_enabled=\u00bboff\u00bb button_two_border_color__hover_enabled=\u00bboff\u00bb button_border_radius__hover_enabled=\u00bboff\u00bb button_one_border_radius__hover_enabled=\u00bboff\u00bb button_two_border_radius__hover_enabled=\u00bboff\u00bb button_letter_spacing__hover_enabled=\u00bboff\u00bb button_one_letter_spacing__hover_enabled=\u00bboff\u00bb button_two_letter_spacing__hover_enabled=\u00bboff\u00bb button_bg_color__hover_enabled=\u00bbon\u00bb button_bg_color__hover=\u00bbrgba(0,0,0,0)\u00bb button_one_bg_color__hover_enabled=\u00bboff\u00bb button_two_bg_color__hover_enabled=\u00bboff\u00bb sticky_enabled=\u00bb0&#8243;]<\/p>\n<p>Salidas al aire libre pensadas para personas mayores de 50 a\u00f1os, donde la naturaleza es el escenario para compartir, conversar y disfrutar del camino. Cada experiencia est\u00e1 dise\u00f1ada y acompa\u00f1ada para que el grupo se sienta c\u00f3modo, contenido y presente, en un clima cuidado y humano.<\/p>\n<ul><\/ul>\n<p>[\/et_pb_cta][\/et_pb_column][\/et_pb_row][et_pb_row column_structure=\u00bb1_2,1_2&#8243; disabled_on=\u00bboff|off|off\u00bb admin_label=\u00bbProject 03&#8243; _builder_version=\u00bb4.14.5&#8243; background_size=\u00bbinitial\u00bb background_position=\u00bbtop_left\u00bb background_repeat=\u00bbrepeat\u00bb custom_margin=\u00bb50px|||\u00bb custom_padding=\u00bb|||\u00bb global_colors_info=\u00bb{}\u00bb][et_pb_column type=\u00bb1_2&#8243; _builder_version=\u00bb3.25&#8243; custom_padding=\u00bb5%||5%|\u00bb global_colors_info=\u00bb{}\u00bb custom_padding__hover=\u00bb|||\u00bb][et_pb_icon font_icon=\u00bb&#xf522;||fa||900&#8243; align=\u00bbleft\u00bb _builder_version=\u00bb4.14.5&#8243; _module_preset=\u00bbdefault\u00bb global_colors_info=\u00bb{}\u00bb][\/et_pb_icon][et_pb_cta title=\u00bbEncuentros Recreativos \u2013 Jugamos +50&#8243; button_url=\u00bbhttps:\/\/unionactiva.com\/index.php\/encuentro-juegos-de-mesa\/\u00bb button_text=\u00bbconocer pr\u00f3ximo encuentro\u00bb _builder_version=\u00bb4.14.5&#8243; header_font=\u00bbLato|700|||||||\u00bb header_text_color=\u00bb#353740&#8243; header_line_height=\u00bb1.5em\u00bb body_font=\u00bbLato||||||||\u00bb body_text_color=\u00bb#747d88&#8243; body_font_size=\u00bb18px\u00bb body_line_height=\u00bb1.8em\u00bb use_background_color=\u00bboff\u00bb background_size=\u00bbinitial\u00bb background_position=\u00bbtop_left\u00bb background_repeat=\u00bbrepeat\u00bb custom_button=\u00bbon\u00bb button_text_color=\u00bb#ff9900&#8243; button_border_width=\u00bb4px\u00bb button_border_color=\u00bb#ff9900&#8243; button_border_radius=\u00bb100px\u00bb button_letter_spacing=\u00bb2px\u00bb button_font=\u00bbLato|700||on|||||\u00bb button_icon=\u00bb&#x45;||divi||400&#8243; button_icon_color=\u00bb#747d88&#8243; text_orientation=\u00bbleft\u00bb background_layout=\u00bblight\u00bb animation_direction=\u00bbtop\u00bb button_bg_color_hover=\u00bbrgba(0,0,0,0)\u00bb locked=\u00bboff\u00bb global_colors_info=\u00bb{}\u00bb button_text_size__hover_enabled=\u00bboff\u00bb button_one_text_size__hover_enabled=\u00bboff\u00bb button_two_text_size__hover_enabled=\u00bboff\u00bb button_text_color__hover_enabled=\u00bboff\u00bb button_one_text_color__hover_enabled=\u00bboff\u00bb button_two_text_color__hover_enabled=\u00bboff\u00bb button_border_width__hover_enabled=\u00bboff\u00bb button_one_border_width__hover_enabled=\u00bboff\u00bb button_two_border_width__hover_enabled=\u00bboff\u00bb button_border_color__hover_enabled=\u00bboff\u00bb button_one_border_color__hover_enabled=\u00bboff\u00bb button_two_border_color__hover_enabled=\u00bboff\u00bb button_border_radius__hover_enabled=\u00bboff\u00bb button_one_border_radius__hover_enabled=\u00bboff\u00bb button_two_border_radius__hover_enabled=\u00bboff\u00bb button_letter_spacing__hover_enabled=\u00bboff\u00bb button_one_letter_spacing__hover_enabled=\u00bboff\u00bb button_two_letter_spacing__hover_enabled=\u00bboff\u00bb button_bg_color__hover_enabled=\u00bbon\u00bb button_bg_color__hover=\u00bbrgba(0,0,0,0)\u00bb button_one_bg_color__hover_enabled=\u00bboff\u00bb button_two_bg_color__hover_enabled=\u00bboff\u00bb]<\/p>\n<p>Encuentros recreativos pensados para personas mayores de 50 a\u00f1os, donde los juegos de mesa son una excusa para compartir, conversar y pasar un buen momento.<br data-start=\"565\" data-end=\"568\" \/>Las propuestas est\u00e1n organizadas y acompa\u00f1adas para que el encuentro fluya de manera simple, agradable y cuidada.<\/p>\n<p>[\/et_pb_cta][\/et_pb_column][et_pb_column type=\u00bb1_2&#8243; _builder_version=\u00bb3.25&#8243; custom_padding=\u00bb|||\u00bb global_colors_info=\u00bb{}\u00bb custom_padding__hover=\u00bb|||\u00bb][et_pb_image src=\u00bbhttps:\/\/unionactiva.com\/wp-content\/uploads\/2025\/09\/LANDINGA.jpg\u00bb title_text=\u00bbactividades grupales relaciones amistad +50&#8243; align_tablet=\u00bbcenter\u00bb align_phone=\u00bbcenter\u00bb align_last_edited=\u00bbon|desktop\u00bb _builder_version=\u00bb4.14.5&#8243; custom_margin=\u00bb58px|||||\u00bb animation_direction=\u00bbright\u00bb global_colors_info=\u00bb{}\u00bb][\/et_pb_image][\/et_pb_column][\/et_pb_row][et_pb_row column_structure=\u00bb1_2,1_2&#8243; disabled_on=\u00bbon|on|on\u00bb admin_label=\u00bbProject 03&#8243; _builder_version=\u00bb4.14.5&#8243; background_size=\u00bbinitial\u00bb background_position=\u00bbtop_left\u00bb background_repeat=\u00bbrepeat\u00bb custom_margin=\u00bb50px|||\u00bb custom_padding=\u00bb|||\u00bb disabled=\u00bbon\u00bb global_colors_info=\u00bb{}\u00bb][et_pb_column type=\u00bb1_2&#8243; _builder_version=\u00bb3.25&#8243; custom_padding=\u00bb5%||5%|\u00bb global_colors_info=\u00bb{}\u00bb custom_padding__hover=\u00bb|||\u00bb][et_pb_icon font_icon=\u00bb&#xf19d;||fa||900&#8243; align=\u00bbleft\u00bb _builder_version=\u00bb4.14.5&#8243; _module_preset=\u00bbdefault\u00bb global_colors_info=\u00bb{}\u00bb][\/et_pb_icon][et_pb_cta title=\u00bbPrograma de Bienestar Integral\u00bb button_url=\u00bbhttps:\/\/unionactiva.com\/index.php\/clase-gimnasia\/\u00bb button_text=\u00bbCONOCER PR\u00d3XIMA ACTIVIDAD\u00bb _builder_version=\u00bb4.14.5&#8243; header_font=\u00bbLato|700|||||||\u00bb header_text_color=\u00bb#353740&#8243; header_line_height=\u00bb1.5em\u00bb body_font=\u00bbLato||||||||\u00bb body_text_color=\u00bb#747d88&#8243; body_font_size=\u00bb18px\u00bb body_line_height=\u00bb1.8em\u00bb use_background_color=\u00bboff\u00bb background_size=\u00bbinitial\u00bb background_position=\u00bbtop_left\u00bb background_repeat=\u00bbrepeat\u00bb custom_button=\u00bbon\u00bb button_text_color=\u00bb#ff9900&#8243; button_border_width=\u00bb4px\u00bb button_border_color=\u00bb#ff9900&#8243; button_border_radius=\u00bb100px\u00bb button_letter_spacing=\u00bb2px\u00bb button_font=\u00bbLato|700||on|||||\u00bb button_icon=\u00bb&#x45;||divi||400&#8243; button_icon_color=\u00bb#747d88&#8243; text_orientation=\u00bbleft\u00bb background_layout=\u00bblight\u00bb animation_style=\u00bbslide\u00bb animation_direction=\u00bbtop\u00bb animation_intensity_slide=\u00bb6%\u00bb button_bg_color_hover=\u00bbrgba(0,0,0,0)\u00bb locked=\u00bboff\u00bb global_colors_info=\u00bb{}\u00bb button_text_size__hover_enabled=\u00bboff\u00bb button_one_text_size__hover_enabled=\u00bboff\u00bb button_two_text_size__hover_enabled=\u00bboff\u00bb button_text_color__hover_enabled=\u00bboff\u00bb button_one_text_color__hover_enabled=\u00bboff\u00bb button_two_text_color__hover_enabled=\u00bboff\u00bb button_border_width__hover_enabled=\u00bboff\u00bb button_one_border_width__hover_enabled=\u00bboff\u00bb button_two_border_width__hover_enabled=\u00bboff\u00bb button_border_color__hover_enabled=\u00bboff\u00bb button_one_border_color__hover_enabled=\u00bboff\u00bb button_two_border_color__hover_enabled=\u00bboff\u00bb button_border_radius__hover_enabled=\u00bboff\u00bb button_one_border_radius__hover_enabled=\u00bboff\u00bb button_two_border_radius__hover_enabled=\u00bboff\u00bb button_letter_spacing__hover_enabled=\u00bboff\u00bb button_one_letter_spacing__hover_enabled=\u00bboff\u00bb button_two_letter_spacing__hover_enabled=\u00bboff\u00bb button_bg_color__hover_enabled=\u00bbon\u00bb button_bg_color__hover=\u00bbrgba(0,0,0,0)\u00bb button_one_bg_color__hover_enabled=\u00bboff\u00bb button_two_bg_color__hover_enabled=\u00bboff\u00bb]<\/p>\n<p>Participa en clases de yoga, meditaci\u00f3n, asesoramiento nutricional y grupos de apoyo emocional. Dise\u00f1ado para mejorar tu salud f\u00edsica, mental y emocional, este programa proporciona herramientas y recursos que te ayudar\u00e1n a alcanzar un bienestar integral, promoviendo un estilo de vida saludable y equilibrado para una vida plena. \u00a1\u00danete hoy y comienza un camino hacia un mayor bienestar!<\/p>\n<p>[\/et_pb_cta][\/et_pb_column][et_pb_column type=\u00bb1_2&#8243; _builder_version=\u00bb3.25&#8243; custom_padding=\u00bb|||\u00bb global_colors_info=\u00bb{}\u00bb custom_padding__hover=\u00bb|||\u00bb][et_pb_image src=\u00bbhttps:\/\/unionactiva.com\/wp-content\/uploads\/2024\/07\/bienestar.jpg\u00bb title_text=\u00bbbienestar-+50-a\u00f1os\u00bb align_tablet=\u00bbcenter\u00bb align_phone=\u00bbcenter\u00bb align_last_edited=\u00bbon|desktop\u00bb _builder_version=\u00bb4.14.5&#8243; animation_style=\u00bbslide\u00bb animation_direction=\u00bbright\u00bb animation_intensity_slide=\u00bb10%\u00bb animation_starting_opacity=\u00bb100%\u00bb global_colors_info=\u00bb{}\u00bb][\/et_pb_image][\/et_pb_column][\/et_pb_row][et_pb_row column_structure=\u00bb1_2,1_2&#8243; disabled_on=\u00bboff|off|off\u00bb admin_label=\u00bbProject 04&#8243; _builder_version=\u00bb4.14.5&#8243; background_size=\u00bbinitial\u00bb background_position=\u00bbtop_left\u00bb background_repeat=\u00bbrepeat\u00bb custom_margin=\u00bb50px|||\u00bb custom_padding=\u00bb|||\u00bb global_colors_info=\u00bb{}\u00bb][et_pb_column type=\u00bb1_2&#8243; _builder_version=\u00bb3.25&#8243; custom_padding=\u00bb|||\u00bb global_colors_info=\u00bb{}\u00bb custom_padding__hover=\u00bb|||\u00bb][et_pb_image src=\u00bbhttps:\/\/unionactiva.com\/wp-content\/uploads\/2026\/01\/mateada-final-final.jpg\u00bb title_text=\u00bbactividades grupales relaciones amistad +50&#8243; align_tablet=\u00bbcenter\u00bb align_phone=\u00bbcenter\u00bb align_last_edited=\u00bbon|desktop\u00bb _builder_version=\u00bb4.14.5&#8243; animation_direction=\u00bbleft\u00bb global_colors_info=\u00bb{}\u00bb][\/et_pb_image][\/et_pb_column][et_pb_column type=\u00bb1_2&#8243; _builder_version=\u00bb3.25&#8243; custom_padding=\u00bb5%||5%|\u00bb global_colors_info=\u00bb{}\u00bb custom_padding__hover=\u00bb|||\u00bb][et_pb_icon font_icon=\u00bb&#xf7b6;||fa||900&#8243; align=\u00bbleft\u00bb _builder_version=\u00bb4.14.5&#8243; _module_preset=\u00bbdefault\u00bb global_colors_info=\u00bb{}\u00bb][\/et_pb_icon][et_pb_cta title=\u00bbMateada  +50&#8243; button_url=\u00bb#\u00bb url_new_window=\u00bbon\u00bb button_text=\u00bbPr\u00f3ximamente\u00bb _builder_version=\u00bb4.14.5&#8243; header_font=\u00bbLato|700|||||||\u00bb header_text_color=\u00bb#353740&#8243; header_line_height=\u00bb1.5em\u00bb body_font=\u00bbLato||||||||\u00bb body_text_color=\u00bb#747d88&#8243; body_font_size=\u00bb18px\u00bb body_line_height=\u00bb1.8em\u00bb use_background_color=\u00bboff\u00bb background_size=\u00bbinitial\u00bb background_position=\u00bbtop_left\u00bb background_repeat=\u00bbrepeat\u00bb custom_button=\u00bbon\u00bb button_text_color=\u00bb#ff9900&#8243; button_border_width=\u00bb4px\u00bb button_border_color=\u00bb#ff9900&#8243; button_border_radius=\u00bb100px\u00bb button_letter_spacing=\u00bb2px\u00bb button_font=\u00bbLato|700||on|||||\u00bb button_icon=\u00bb&#x45;||divi||400&#8243; button_icon_color=\u00bb#747d88&#8243; text_orientation=\u00bbleft\u00bb background_layout=\u00bblight\u00bb animation_direction=\u00bbtop\u00bb hover_enabled=\u00bb0&#8243; button_bg_color_hover=\u00bbrgba(0,0,0,0)\u00bb locked=\u00bboff\u00bb global_colors_info=\u00bb{}\u00bb button_text_size__hover_enabled=\u00bboff\u00bb button_one_text_size__hover_enabled=\u00bboff\u00bb button_two_text_size__hover_enabled=\u00bboff\u00bb button_text_color__hover_enabled=\u00bboff\u00bb button_one_text_color__hover_enabled=\u00bboff\u00bb button_two_text_color__hover_enabled=\u00bboff\u00bb button_border_width__hover_enabled=\u00bboff\u00bb button_one_border_width__hover_enabled=\u00bboff\u00bb button_two_border_width__hover_enabled=\u00bboff\u00bb button_border_color__hover_enabled=\u00bboff\u00bb button_one_border_color__hover_enabled=\u00bboff\u00bb button_two_border_color__hover_enabled=\u00bboff\u00bb button_border_radius__hover_enabled=\u00bboff\u00bb button_one_border_radius__hover_enabled=\u00bboff\u00bb button_two_border_radius__hover_enabled=\u00bboff\u00bb button_letter_spacing__hover_enabled=\u00bboff\u00bb button_one_letter_spacing__hover_enabled=\u00bboff\u00bb button_two_letter_spacing__hover_enabled=\u00bboff\u00bb button_bg_color__hover_enabled=\u00bbon\u00bb button_bg_color__hover=\u00bbrgba(0,0,0,0)\u00bb button_one_bg_color__hover_enabled=\u00bboff\u00bb button_two_bg_color__hover_enabled=\u00bboff\u00bb sticky_enabled=\u00bb0&#8243;]<\/p>\n<p data-start=\"331\" data-end=\"428\">Encuentros de merienda al aire libre, en espacios verdes de la ciudad de C\u00f3rdoba, pensados para personas mayores de 50 a\u00f1os. Un momento para compartir charla, mate y encuentro, en un clima cuidado, con propuestas l\u00fadicas simples que acompa\u00f1an la experiencia.<\/p>\n<p>[\/et_pb_cta][\/et_pb_column][\/et_pb_row][et_pb_row column_structure=\u00bb1_2,1_2&#8243; disabled_on=\u00bbon|on|on\u00bb admin_label=\u00bbProject 04&#8243; _builder_version=\u00bb4.14.5&#8243; background_size=\u00bbinitial\u00bb background_position=\u00bbtop_left\u00bb background_repeat=\u00bbrepeat\u00bb custom_margin=\u00bb50px|||\u00bb custom_padding=\u00bb|||\u00bb disabled=\u00bbon\u00bb global_colors_info=\u00bb{}\u00bb][et_pb_column type=\u00bb1_2&#8243; _builder_version=\u00bb3.25&#8243; custom_padding=\u00bb|||\u00bb global_colors_info=\u00bb{}\u00bb custom_padding__hover=\u00bb|||\u00bb][et_pb_image src=\u00bbhttps:\/\/unionactiva.com\/wp-content\/uploads\/2024\/07\/conferencia.jpg\u00bb title_text=\u00bbconferencia\u00bb align_tablet=\u00bbcenter\u00bb align_phone=\u00bbcenter\u00bb align_last_edited=\u00bbon|desktop\u00bb _builder_version=\u00bb4.14.5&#8243; animation_style=\u00bbslide\u00bb animation_direction=\u00bbleft\u00bb animation_intensity_slide=\u00bb10%\u00bb animation_starting_opacity=\u00bb100%\u00bb global_colors_info=\u00bb{}\u00bb][\/et_pb_image][\/et_pb_column][et_pb_column type=\u00bb1_2&#8243; _builder_version=\u00bb3.25&#8243; custom_padding=\u00bb5%||5%|\u00bb global_colors_info=\u00bb{}\u00bb custom_padding__hover=\u00bb|||\u00bb][et_pb_icon font_icon=\u00bb&#xf51c;||fa||900&#8243; align=\u00bbleft\u00bb _builder_version=\u00bb4.14.5&#8243; _module_preset=\u00bbdefault\u00bb global_colors_info=\u00bb{}\u00bb][\/et_pb_icon][et_pb_cta title=\u00bbEncuentros y charlas con expertos\u00bb button_url=\u00bb#\u00bb _builder_version=\u00bb4.14.5&#8243; header_font=\u00bbLato|700|||||||\u00bb header_text_color=\u00bb#353740&#8243; header_line_height=\u00bb1.5em\u00bb body_font=\u00bbLato||||||||\u00bb body_text_color=\u00bb#747d88&#8243; body_font_size=\u00bb18px\u00bb body_line_height=\u00bb1.8em\u00bb use_background_color=\u00bboff\u00bb background_size=\u00bbinitial\u00bb background_position=\u00bbtop_left\u00bb background_repeat=\u00bbrepeat\u00bb custom_button=\u00bbon\u00bb button_text_color=\u00bb#ff9900&#8243; button_border_width=\u00bb4px\u00bb button_border_color=\u00bb#ff9900&#8243; button_border_radius=\u00bb100px\u00bb button_letter_spacing=\u00bb2px\u00bb button_font=\u00bbLato|700||on|||||\u00bb button_icon=\u00bb&#x45;||divi||400&#8243; button_icon_color=\u00bb#747d88&#8243; text_orientation=\u00bbleft\u00bb background_layout=\u00bblight\u00bb animation_style=\u00bbslide\u00bb animation_direction=\u00bbtop\u00bb animation_intensity_slide=\u00bb6%\u00bb button_bg_color_hover=\u00bbrgba(0,0,0,0)\u00bb locked=\u00bboff\u00bb global_colors_info=\u00bb{}\u00bb button_text_size__hover_enabled=\u00bboff\u00bb button_one_text_size__hover_enabled=\u00bboff\u00bb button_two_text_size__hover_enabled=\u00bboff\u00bb button_text_color__hover_enabled=\u00bboff\u00bb button_one_text_color__hover_enabled=\u00bboff\u00bb button_two_text_color__hover_enabled=\u00bboff\u00bb button_border_width__hover_enabled=\u00bboff\u00bb button_one_border_width__hover_enabled=\u00bboff\u00bb button_two_border_width__hover_enabled=\u00bboff\u00bb button_border_color__hover_enabled=\u00bboff\u00bb button_one_border_color__hover_enabled=\u00bboff\u00bb button_two_border_color__hover_enabled=\u00bboff\u00bb button_border_radius__hover_enabled=\u00bboff\u00bb button_one_border_radius__hover_enabled=\u00bboff\u00bb button_two_border_radius__hover_enabled=\u00bboff\u00bb button_letter_spacing__hover_enabled=\u00bboff\u00bb button_one_letter_spacing__hover_enabled=\u00bboff\u00bb button_two_letter_spacing__hover_enabled=\u00bboff\u00bb button_bg_color__hover_enabled=\u00bbon\u00bb button_bg_color__hover=\u00bbrgba(0,0,0,0)\u00bb button_one_bg_color__hover_enabled=\u00bboff\u00bb button_two_bg_color__hover_enabled=\u00bboff\u00bb]<\/p>\n<p>Participa en nuestros encuentros y charlas con destacados expertos de diversas \u00e1reas. Mantente informado, empoderado y actualizado con conocimientos relevantes y pr\u00e1cticos. Estos eventos te brindan la oportunidad de aprender de los mejores, hacer preguntas y discutir temas que te interesan. Ampl\u00eda tus horizontes y enriquece tu vida con sabidur\u00eda y experiencia de profesionales reconocidos.<\/p>\n<p>[\/et_pb_cta][\/et_pb_column][\/et_pb_row][et_pb_row column_structure=\u00bb1_2,1_2&#8243; disabled_on=\u00bbon|on|on\u00bb admin_label=\u00bbProject 03&#8243; _builder_version=\u00bb4.14.5&#8243; background_size=\u00bbinitial\u00bb background_position=\u00bbtop_left\u00bb background_repeat=\u00bbrepeat\u00bb custom_margin=\u00bb50px|||\u00bb custom_padding=\u00bb|||\u00bb disabled=\u00bbon\u00bb global_colors_info=\u00bb{}\u00bb][et_pb_column type=\u00bb1_2&#8243; _builder_version=\u00bb3.25&#8243; custom_padding=\u00bb5%||5%|\u00bb global_colors_info=\u00bb{}\u00bb custom_padding__hover=\u00bb|||\u00bb][et_pb_icon font_icon=\u00bb&#xf0c0;||fa||900&#8243; align=\u00bbleft\u00bb _builder_version=\u00bb4.14.5&#8243; _module_preset=\u00bbdefault\u00bb global_colors_info=\u00bb{}\u00bb][\/et_pb_icon][et_pb_cta title=\u00bbGrupos de Interes\u00bb button_url=\u00bb#\u00bb _builder_version=\u00bb4.14.5&#8243; header_font=\u00bbLato|700|||||||\u00bb header_text_color=\u00bb#353740&#8243; header_line_height=\u00bb1.5em\u00bb body_font=\u00bbLato||||||||\u00bb body_text_color=\u00bb#747d88&#8243; body_font_size=\u00bb18px\u00bb body_line_height=\u00bb1.8em\u00bb use_background_color=\u00bboff\u00bb background_size=\u00bbinitial\u00bb background_position=\u00bbtop_left\u00bb background_repeat=\u00bbrepeat\u00bb custom_button=\u00bbon\u00bb button_text_color=\u00bb#ff9900&#8243; button_border_width=\u00bb4px\u00bb button_border_color=\u00bb#ff9900&#8243; button_border_radius=\u00bb100px\u00bb button_letter_spacing=\u00bb2px\u00bb button_font=\u00bbLato|700||on|||||\u00bb button_icon=\u00bb&#x45;||divi||400&#8243; button_icon_color=\u00bb#747d88&#8243; text_orientation=\u00bbleft\u00bb background_layout=\u00bblight\u00bb animation_style=\u00bbslide\u00bb animation_direction=\u00bbtop\u00bb animation_intensity_slide=\u00bb6%\u00bb button_bg_color_hover=\u00bbrgba(0,0,0,0)\u00bb locked=\u00bboff\u00bb global_colors_info=\u00bb{}\u00bb button_text_size__hover_enabled=\u00bboff\u00bb button_one_text_size__hover_enabled=\u00bboff\u00bb button_two_text_size__hover_enabled=\u00bboff\u00bb button_text_color__hover_enabled=\u00bboff\u00bb button_one_text_color__hover_enabled=\u00bboff\u00bb button_two_text_color__hover_enabled=\u00bboff\u00bb button_border_width__hover_enabled=\u00bboff\u00bb button_one_border_width__hover_enabled=\u00bboff\u00bb button_two_border_width__hover_enabled=\u00bboff\u00bb button_border_color__hover_enabled=\u00bboff\u00bb button_one_border_color__hover_enabled=\u00bboff\u00bb button_two_border_color__hover_enabled=\u00bboff\u00bb button_border_radius__hover_enabled=\u00bboff\u00bb button_one_border_radius__hover_enabled=\u00bboff\u00bb button_two_border_radius__hover_enabled=\u00bboff\u00bb button_letter_spacing__hover_enabled=\u00bboff\u00bb button_one_letter_spacing__hover_enabled=\u00bboff\u00bb button_two_letter_spacing__hover_enabled=\u00bboff\u00bb button_bg_color__hover_enabled=\u00bbon\u00bb button_bg_color__hover=\u00bbrgba(0,0,0,0)\u00bb button_one_bg_color__hover_enabled=\u00bboff\u00bb button_two_bg_color__hover_enabled=\u00bboff\u00bb]<\/p>\n<p>Explora tus pasiones y descubre nuevas amistades uni\u00e9ndote a nuestros diversos grupos de inter\u00e9s y clubes. Ya sea que te apasione la lectura, la jardiner\u00eda, el cine o cualquier otro hobby, encontrar\u00e1s un lugar donde compartir tus intereses y conectar con personas que comparten tus mismas aficiones. Encuentra tu comunidad y crece junto a otros que comparten tu entusiasmo.<\/p>\n<p>[\/et_pb_cta][\/et_pb_column][et_pb_column type=\u00bb1_2&#8243; _builder_version=\u00bb3.25&#8243; custom_padding=\u00bb|||\u00bb global_colors_info=\u00bb{}\u00bb custom_padding__hover=\u00bb|||\u00bb][et_pb_image src=\u00bbhttps:\/\/unionactiva.com\/wp-content\/uploads\/2024\/07\/evento-social-unionactiva-2.jpg\u00bb title_text=\u00bbGroup of middle age draw students smiling happy drawing at art studio.\u00bb force_fullwidth=\u00bbon\u00bb align_tablet=\u00bbcenter\u00bb align_phone=\u00bbcenter\u00bb align_last_edited=\u00bbon|desktop\u00bb _builder_version=\u00bb4.14.5&#8243; animation_style=\u00bbslide\u00bb animation_direction=\u00bbright\u00bb animation_intensity_slide=\u00bb10%\u00bb animation_starting_opacity=\u00bb100%\u00bb global_colors_info=\u00bb{}\u00bb][\/et_pb_image][\/et_pb_column][\/et_pb_row][et_pb_row column_structure=\u00bb1_2,1_2&#8243; disabled_on=\u00bboff|off|off\u00bb admin_label=\u00bbProject 03&#8243; _builder_version=\u00bb4.14.5&#8243; background_size=\u00bbinitial\u00bb background_position=\u00bbtop_left\u00bb background_repeat=\u00bbrepeat\u00bb custom_margin=\u00bb50px|||\u00bb custom_padding=\u00bb|||\u00bb global_colors_info=\u00bb{}\u00bb][et_pb_column type=\u00bb1_2&#8243; _builder_version=\u00bb3.25&#8243; custom_padding=\u00bb5%||5%|\u00bb global_colors_info=\u00bb{}\u00bb custom_padding__hover=\u00bb|||\u00bb][et_pb_icon font_icon=\u00bb&#xf500;||fa||900&#8243; align=\u00bbleft\u00bb _builder_version=\u00bb4.14.5&#8243; _module_preset=\u00bbdefault\u00bb global_colors_info=\u00bb{}\u00bb][\/et_pb_icon][et_pb_cta title=\u00bbComunidad Uni\u00f3n Activa\u00bb button_url=\u00bbhttps:\/\/unionactiva.com\/index.php\/registro-suscripcion\/\u00bb _builder_version=\u00bb4.14.5&#8243; header_font=\u00bbLato|700|||||||\u00bb header_text_color=\u00bb#353740&#8243; header_line_height=\u00bb1.5em\u00bb body_font=\u00bbLato||||||||\u00bb body_text_color=\u00bb#747d88&#8243; body_font_size=\u00bb18px\u00bb body_line_height=\u00bb1.8em\u00bb use_background_color=\u00bboff\u00bb background_size=\u00bbinitial\u00bb background_position=\u00bbtop_left\u00bb background_repeat=\u00bbrepeat\u00bb custom_button=\u00bbon\u00bb button_text_color=\u00bb#ff9900&#8243; button_border_width=\u00bb4px\u00bb button_border_color=\u00bb#ff9900&#8243; button_border_radius=\u00bb100px\u00bb button_letter_spacing=\u00bb2px\u00bb button_font=\u00bbLato|700||on|||||\u00bb button_icon=\u00bb&#x45;||divi||400&#8243; button_icon_color=\u00bb#747d88&#8243; text_orientation=\u00bbleft\u00bb background_layout=\u00bblight\u00bb animation_direction=\u00bbtop\u00bb button_bg_color_hover=\u00bbrgba(0,0,0,0)\u00bb locked=\u00bboff\u00bb global_colors_info=\u00bb{}\u00bb button_text_size__hover_enabled=\u00bboff\u00bb button_one_text_size__hover_enabled=\u00bboff\u00bb button_two_text_size__hover_enabled=\u00bboff\u00bb button_text_color__hover_enabled=\u00bboff\u00bb button_one_text_color__hover_enabled=\u00bboff\u00bb button_two_text_color__hover_enabled=\u00bboff\u00bb button_border_width__hover_enabled=\u00bboff\u00bb button_one_border_width__hover_enabled=\u00bboff\u00bb button_two_border_width__hover_enabled=\u00bboff\u00bb button_border_color__hover_enabled=\u00bboff\u00bb button_one_border_color__hover_enabled=\u00bboff\u00bb button_two_border_color__hover_enabled=\u00bboff\u00bb button_border_radius__hover_enabled=\u00bboff\u00bb button_one_border_radius__hover_enabled=\u00bboff\u00bb button_two_border_radius__hover_enabled=\u00bboff\u00bb button_letter_spacing__hover_enabled=\u00bboff\u00bb button_one_letter_spacing__hover_enabled=\u00bboff\u00bb button_two_letter_spacing__hover_enabled=\u00bboff\u00bb button_bg_color__hover_enabled=\u00bbon\u00bb button_bg_color__hover=\u00bbrgba(0,0,0,0)\u00bb button_one_bg_color__hover_enabled=\u00bboff\u00bb button_two_bg_color__hover_enabled=\u00bboff\u00bb]<\/p>\n<p>La Comunidad Uni\u00f3n Activa se construye a partir de las experiencias compartidas.<br data-start=\"525\" data-end=\"528\" \/>Quienes participan en alguna caminata, encuentro o propuesta forman parte de manera natural, sin plazos ni compromisos, para seguir en contacto y sostener el v\u00ednculo que se genera en cada experiencia.<\/p>\n<p>[\/et_pb_cta][\/et_pb_column][et_pb_column type=\u00bb1_2&#8243; _builder_version=\u00bb3.25&#8243; custom_padding=\u00bb|||\u00bb global_colors_info=\u00bb{}\u00bb custom_padding__hover=\u00bb|||\u00bb][et_pb_image src=\u00bbhttps:\/\/unionactiva.com\/wp-content\/uploads\/2025\/09\/comunidad-para-modificar-final.jpg\u00bb title_text=\u00bbactividades grupales relaciones amistad +50&#8243; align_tablet=\u00bbcenter\u00bb align_phone=\u00bbcenter\u00bb align_last_edited=\u00bbon|desktop\u00bb _builder_version=\u00bb4.14.5&#8243; animation_direction=\u00bbleft\u00bb global_colors_info=\u00bb{}\u00bb][\/et_pb_image][\/et_pb_column][\/et_pb_row][et_pb_row column_structure=\u00bb1_2,1_2&#8243; disabled_on=\u00bbon|on|on\u00bb admin_label=\u00bbProject 03&#8243; _builder_version=\u00bb4.14.5&#8243; background_size=\u00bbinitial\u00bb background_position=\u00bbtop_left\u00bb background_repeat=\u00bbrepeat\u00bb custom_margin=\u00bb50px|||\u00bb custom_padding=\u00bb|||\u00bb disabled=\u00bbon\u00bb global_colors_info=\u00bb{}\u00bb][et_pb_column type=\u00bb1_2&#8243; _builder_version=\u00bb3.25&#8243; custom_padding=\u00bb5%||5%|\u00bb global_colors_info=\u00bb{}\u00bb custom_padding__hover=\u00bb|||\u00bb][et_pb_icon font_icon=\u00bb&#xf19d;||fa||900&#8243; align=\u00bbleft\u00bb _builder_version=\u00bb4.14.5&#8243; _module_preset=\u00bbdefault\u00bb global_colors_info=\u00bb{}\u00bb][\/et_pb_icon][et_pb_cta title=\u00bbProgramas de Formaci\u00f3n con Certificaci\u00f3n Internacional\u00bb button_url=\u00bb#\u00bb _builder_version=\u00bb4.14.5&#8243; header_font=\u00bbLato|700|||||||\u00bb header_text_color=\u00bb#353740&#8243; header_line_height=\u00bb1.5em\u00bb body_font=\u00bbLato||||||||\u00bb body_text_color=\u00bb#747d88&#8243; body_font_size=\u00bb18px\u00bb body_line_height=\u00bb1.8em\u00bb use_background_color=\u00bboff\u00bb background_size=\u00bbinitial\u00bb background_position=\u00bbtop_left\u00bb background_repeat=\u00bbrepeat\u00bb custom_button=\u00bbon\u00bb button_text_color=\u00bb#ff9900&#8243; button_border_width=\u00bb4px\u00bb button_border_color=\u00bb#ff9900&#8243; button_border_radius=\u00bb100px\u00bb button_letter_spacing=\u00bb2px\u00bb button_font=\u00bbLato|700||on|||||\u00bb button_icon=\u00bb&#x45;||divi||400&#8243; button_icon_color=\u00bb#747d88&#8243; text_orientation=\u00bbleft\u00bb background_layout=\u00bblight\u00bb animation_style=\u00bbslide\u00bb animation_direction=\u00bbtop\u00bb animation_intensity_slide=\u00bb6%\u00bb button_bg_color_hover=\u00bbrgba(0,0,0,0)\u00bb locked=\u00bboff\u00bb global_colors_info=\u00bb{}\u00bb button_text_size__hover_enabled=\u00bboff\u00bb button_one_text_size__hover_enabled=\u00bboff\u00bb button_two_text_size__hover_enabled=\u00bboff\u00bb button_text_color__hover_enabled=\u00bboff\u00bb button_one_text_color__hover_enabled=\u00bboff\u00bb button_two_text_color__hover_enabled=\u00bboff\u00bb button_border_width__hover_enabled=\u00bboff\u00bb button_one_border_width__hover_enabled=\u00bboff\u00bb button_two_border_width__hover_enabled=\u00bboff\u00bb button_border_color__hover_enabled=\u00bboff\u00bb button_one_border_color__hover_enabled=\u00bboff\u00bb button_two_border_color__hover_enabled=\u00bboff\u00bb button_border_radius__hover_enabled=\u00bboff\u00bb button_one_border_radius__hover_enabled=\u00bboff\u00bb button_two_border_radius__hover_enabled=\u00bboff\u00bb button_letter_spacing__hover_enabled=\u00bboff\u00bb button_one_letter_spacing__hover_enabled=\u00bboff\u00bb button_two_letter_spacing__hover_enabled=\u00bboff\u00bb button_bg_color__hover_enabled=\u00bbon\u00bb button_bg_color__hover=\u00bbrgba(0,0,0,0)\u00bb button_one_bg_color__hover_enabled=\u00bboff\u00bb button_two_bg_color__hover_enabled=\u00bboff\u00bb]<\/p>\n<p>Enriquece tu vida con programas y talleres dise\u00f1ados espec\u00edficamente para mayores de 50 a\u00f1os, en \u00e1reas clave del desarrollo personal como liderazgo, comunicaci\u00f3n efectiva, gesti\u00f3n del tiempo y bienestar emocional. Nuestros cursos est\u00e1n pensados para facilitar el aprendizaje y la adaptaci\u00f3n a nuevas habilidades, promoviendo el crecimiento personal y profesional.<\/p>\n<p>[\/et_pb_cta][\/et_pb_column][et_pb_column type=\u00bb1_2&#8243; _builder_version=\u00bb3.25&#8243; custom_padding=\u00bb|||\u00bb global_colors_info=\u00bb{}\u00bb custom_padding__hover=\u00bb|||\u00bb][et_pb_image src=\u00bbhttps:\/\/unionactiva.com\/wp-content\/uploads\/2024\/07\/logro-personal-unionactiva.jpg\u00bb title_text=\u00bbA man and woman stand on a hill with their arms open, against th\u00bb align_tablet=\u00bbcenter\u00bb align_phone=\u00bbcenter\u00bb align_last_edited=\u00bbon|desktop\u00bb _builder_version=\u00bb4.14.5&#8243; animation_style=\u00bbslide\u00bb animation_direction=\u00bbright\u00bb animation_intensity_slide=\u00bb10%\u00bb animation_starting_opacity=\u00bb100%\u00bb global_colors_info=\u00bb{}\u00bb][\/et_pb_image][\/et_pb_column][\/et_pb_row][\/et_pb_section][et_pb_section fb_built=\u00bb1&#8243; fullwidth=\u00bbon\u00bb _builder_version=\u00bb4.14.5&#8243; _module_preset=\u00bbdefault\u00bb background_color=\u00bb#f0f0f0&#8243; global_colors_info=\u00bb{}\u00bb][et_pb_fullwidth_header title=\u00bbSeguir en contacto con Uni\u00f3n Activa\u00bb text_orientation=\u00bbcenter\u00bb button_one_text=\u00bbRecibir Novedades\u00bb button_one_url=\u00bbhttps:\/\/unionactiva.com\/index.php\/registro-suscripcion\/\u00bb button_two_text=\u00bbCont\u00e1ctanos\u00bb button_two_url=\u00bbhttps:\/\/unionactiva.com\/index.php\/contacto\/\u00bb _builder_version=\u00bb4.14.5&#8243; _module_preset=\u00bbdefault\u00bb title_font=\u00bbMontserrat||||||||\u00bb title_text_align=\u00bbcenter\u00bb title_text_color=\u00bb#ff9900&#8243; title_font_size=\u00bb34px\u00bb content_font=\u00bbLato||||||||\u00bb content_text_align=\u00bbcenter\u00bb content_text_color=\u00bb#4a4a4a\u00bb content_font_size=\u00bb20px\u00bb background_color=\u00bb#f0f0f0&#8243; custom_button_one=\u00bbon\u00bb button_one_text_size=\u00bb19px\u00bb button_one_bg_color=\u00bb#ff9900&#8243; button_one_border_width=\u00bb2px\u00bb button_one_border_color=\u00bb#ff9900&#8243; button_one_border_radius=\u00bb11px\u00bb button_one_letter_spacing=\u00bb0px\u00bb button_one_font=\u00bbMontserrat||||||||\u00bb custom_button_two=\u00bbon\u00bb button_two_text_size=\u00bb19px\u00bb button_two_bg_color=\u00bb#4a4a4a\u00bb button_two_border_width=\u00bb2px\u00bb button_two_border_color=\u00bb#4a4a4a\u00bb button_two_border_radius=\u00bb11px\u00bb button_two_font=\u00bbMontserrat||||||||\u00bb custom_margin=\u00bb0px|||0px|false|false\u00bb custom_padding=\u00bb|||0px|false|false\u00bb global_colors_info=\u00bb{}\u00bb]<\/p>\n<p data-pm-slice=\"1 1 []\">Si alguna de nuestras propuestas te interes\u00f3, pod\u00e9s recibir pr\u00f3ximas novedades, nuevas fechas y futuras experiencias para elegir cu\u00e1ndo volver a sumarte.<\/p>\n<p>[\/et_pb_fullwidth_header][\/et_pb_section]<\/p>\n","protected":false},"excerpt":{"rendered":"<p>Experiencias +50 para compartir y disfrutarPropuestas presenciales pensadas para personas mayores de 50 a\u00f1os que buscan salir de la rutina, compartir buenos momentos y vivir experiencias cuidadas, en grupo y en un clima cercano.Una comunidad social que te permite conectar con personas afines y compartir experiencias significativas en un entorno amigable. Interact\u00faa con otros usuarios [&hellip;]<\/p>\n","protected":false},"author":1,"featured_media":0,"parent":0,"menu_order":0,"comment_status":"closed","ping_status":"closed","template":"","meta":{"_et_pb_use_builder":"on","_et_pb_old_content":"","_et_gb_content_width":"","_joinchat":[],"footnotes":""},"wf_page_folders":[74],"class_list":["post-3528","page","type-page","status-publish","hentry"],"_links":{"self":[{"href":"https:\/\/unionactiva.com\/index.php\/wp-json\/wp\/v2\/pages\/3528","targetHints":{"allow":["GET"]}}],"collection":[{"href":"https:\/\/unionactiva.com\/index.php\/wp-json\/wp\/v2\/pages"}],"about":[{"href":"https:\/\/unionactiva.com\/index.php\/wp-json\/wp\/v2\/types\/page"}],"author":[{"embeddable":true,"href":"https:\/\/unionactiva.com\/index.php\/wp-json\/wp\/v2\/users\/1"}],"replies":[{"embeddable":true,"href":"https:\/\/unionactiva.com\/index.php\/wp-json\/wp\/v2\/comments?post=3528"}],"version-history":[{"count":392,"href":"https:\/\/unionactiva.com\/index.php\/wp-json\/wp\/v2\/pages\/3528\/revisions"}],"predecessor-version":[{"id":13623,"href":"https:\/\/unionactiva.com\/index.php\/wp-json\/wp\/v2\/pages\/3528\/revisions\/13623"}],"wp:attachment":[{"href":"https:\/\/unionactiva.com\/index.php\/wp-json\/wp\/v2\/media?parent=3528"}],"wp:term":[{"taxonomy":"wf_page_folders","embeddable":true,"href":"https:\/\/unionactiva.com\/index.php\/wp-json\/wp\/v2\/wf_page_folders?post=3528"}],"curies":[{"name":"wp","href":"https:\/\/api.w.org\/{rel}","templated":true}]}}